   {"id":1380,"date":"2024-09-20T14:29:58","date_gmt":"2024-09-20T12:29:58","guid":{"rendered":"https:\/\/rf.gov.pl\/akademia\/?page_id=1380"},"modified":"2024-12-16T12:10:46","modified_gmt":"2024-12-16T11:10:46","slug":"artykuly","status":"publish","type":"page","link":"https:\/\/rf.gov.pl\/akademia\/edukacja\/artykuly\/","title":{"rendered":"Artyku\u0142y"},"content":{"rendered":"\n\n\n<div class=\"\">\n\n  \n  <div class=\"download\">\n    <ul>\n      \n      <li\n        class=\"col-xxl-12 col-xl-12 col-lg-12 col-md-12 col-sm-12 main_sec \">\n        <a href=\"https:\/\/rf.gov.pl\/akademia\/wp-content\/uploads\/sites\/2\/2024\/12\/Rzecznik-Finansowy_4x4_17.12_PRAWNIK.pdf\" title=\"Dzia\u0142alno\u015b\u0107 Rzecznika Finansowego w Roku Edukacji Ekonomicznej\" download> <img decoding=\"async\"\n            src=\"https:\/\/rf.gov.pl\/akademia\/wp-content\/themes\/rfmain\/images\/download-file 1.svg\" alt=\"\">\n          <div class=\"disc\"> <strong>Dzia\u0142alno\u015b\u0107 Rzecznika Finansowego w Roku Edukacji Ekonomicznej <\/strong> (PDF ,\n            2.12 MB)<\/div>\n        <\/a><\/li>\n\n      \n      \n\n      \n      <li\n        class=\"col-xxl-12 col-xl-12 col-lg-12 col-md-12 col-sm-12 main_sec \">\n        <a href=\"https:\/\/rf.gov.pl\/akademia\/wp-content\/uploads\/sites\/2\/2024\/12\/RZECZNIK-FINANSOWY-artykul-Ziemowita-Baglajewskiego_4X4_10.12_PRAWNIK.pdf\" title=\"Biometria behawioralna \u2013 naruszenie prywatno\u015bci czy przysz\u0142o\u015b\u0107 bezpiecze\u0144stwa finansowego?\" download> <img decoding=\"async\"\n            src=\"https:\/\/rf.gov.pl\/akademia\/wp-content\/themes\/rfmain\/images\/download-file 1.svg\" alt=\"\">\n          <div class=\"disc\"> <strong>Biometria behawioralna \u2013 naruszenie prywatno\u015bci czy przysz\u0142o\u015b\u0107 bezpiecze\u0144stwa finansowego? <\/strong> (PDF ,\n            0.53 MB)<\/div>\n        <\/a><\/li>\n\n      \n      \n\n      \n      <li\n        class=\"col-xxl-12 col-xl-12 col-lg-12 col-md-12 col-sm-12 main_sec \">\n        <a href=\"https:\/\/rf.gov.pl\/akademia\/wp-content\/uploads\/sites\/2\/2024\/12\/artykul-DGP-prof-E-Rutkowska-Tmaszewska-final.pdf\" title=\"Wyzwania rynku konsumenckich  us\u0142ug kredytowych\" download> <img decoding=\"async\"\n            src=\"https:\/\/rf.gov.pl\/akademia\/wp-content\/themes\/rfmain\/images\/download-file 1.svg\" alt=\"\">\n          <div class=\"disc\"> <strong>Wyzwania rynku konsumenckich  us\u0142ug kredytowych <\/strong> (PDF ,\n            0.30 MB)<\/div>\n        <\/a><\/li>\n\n      \n      \n\n      \n      <li\n        class=\"col-xxl-12 col-xl-12 col-lg-12 col-md-12 col-sm-12 main_sec \">\n        <a href=\"https:\/\/rf.gov.pl\/akademia\/wp-content\/uploads\/sites\/2\/2024\/11\/Rzecznik-Finansowy_4x4_5.11_PRAWNIK.pdf\" title=\"Pozas\u0105dowe post\u0119powanie przy Rzeczniku Finansowym  jako metoda rozwi\u0105zywania spor\u00f3w na rynku finansowym\" download> <img decoding=\"async\"\n            src=\"https:\/\/rf.gov.pl\/akademia\/wp-content\/themes\/rfmain\/images\/download-file 1.svg\" alt=\"\">\n          <div class=\"disc\"> <strong>Pozas\u0105dowe post\u0119powanie przy Rzeczniku Finansowym  jako metoda rozwi\u0105zywania spor\u00f3w na rynku finansowym <\/strong> (PDF ,\n            0.82 MB)<\/div>\n        <\/a><\/li>\n\n      \n      \n\n      \n      <li\n        class=\"col-xxl-12 col-xl-12 col-lg-12 col-md-12 col-sm-12 main_sec \">\n        <a href=\"https:\/\/rf.gov.pl\/akademia\/wp-content\/uploads\/sites\/2\/2024\/09\/RZECZNIK-FINANSOWY-o-ubezpieczeniach-UTO_4X4_24.09_PRAWNIK-2.pdf\" title=\"Ubezpieczenie u\u017cytkownik\u00f3w Urz\u0105dze\u0144 Transportu Osobistego, czyli tzw. UTO\" download> <img decoding=\"async\"\n            src=\"https:\/\/rf.gov.pl\/akademia\/wp-content\/themes\/rfmain\/images\/download-file 1.svg\" alt=\"\">\n          <div class=\"disc\"> <strong>Ubezpieczenie u\u017cytkownik\u00f3w Urz\u0105dze\u0144 Transportu Osobistego, czyli tzw. UTO <\/strong> (PDF ,\n            0.69 MB)<\/div>\n        <\/a><\/li>\n\n      \n      \n\n      \n      <li\n        class=\"col-xxl-12 col-xl-12 col-lg-12 col-md-12 col-sm-12 main_sec \">\n        <a href=\"https:\/\/rf.gov.pl\/akademia\/wp-content\/uploads\/sites\/2\/2024\/09\/1-M.-Sas-rozporzadzenie-MiCA_17.09.24_.pdf\" title=\"Rozporz\u0105dzenie MiCA: czy kryptoaktywa Polak\u00f3w b\u0119d\u0105 bezpieczne jak \u015brodki w banku\" download> <img decoding=\"async\"\n            src=\"https:\/\/rf.gov.pl\/akademia\/wp-content\/themes\/rfmain\/images\/download-file 1.svg\" alt=\"\">\n          <div class=\"disc\"> <strong>Rozporz\u0105dzenie MiCA: czy kryptoaktywa Polak\u00f3w b\u0119d\u0105 bezpieczne jak \u015brodki w banku <\/strong> (PDF ,\n            0.51 MB)<\/div>\n        <\/a><\/li>\n\n      \n      \n\n      \n      <li\n        class=\"col-xxl-12 col-xl-12 col-lg-12 col-md-12 col-sm-12 main_sec \">\n        <a href=\"https:\/\/rf.gov.pl\/akademia\/wp-content\/uploads\/sites\/2\/2024\/09\/2-M.-Prochnicki_Asymetria-informacji-10.09.24.pdf\" title=\"Asymetria informacji a klient na rynku finansowym\" download> <img decoding=\"async\"\n            src=\"https:\/\/rf.gov.pl\/akademia\/wp-content\/themes\/rfmain\/images\/download-file 1.svg\" alt=\"\">\n          <div class=\"disc\"> <strong>Asymetria informacji a klient na rynku finansowym <\/strong> (PDF ,\n            0.34 MB)<\/div>\n        <\/a><\/li>\n\n      \n      \n\n      \n      <li\n        class=\"col-xxl-12 col-xl-12 col-lg-12 col-md-12 col-sm-12 main_sec \">\n        <a href=\"https:\/\/rf.gov.pl\/akademia\/wp-content\/uploads\/sites\/2\/2024\/09\/3-L.-Seroczynski-ubezp-rowerzystow-3.09.24_.pdf\" title=\"Ubezpieczenie odpowiedzialno\u015bci cywilnej rowerzyst\u00f3w\" download> <img decoding=\"async\"\n            src=\"https:\/\/rf.gov.pl\/akademia\/wp-content\/themes\/rfmain\/images\/download-file 1.svg\" alt=\"\">\n          <div class=\"disc\"> <strong>Ubezpieczenie odpowiedzialno\u015bci cywilnej rowerzyst\u00f3w <\/strong> (PDF ,\n            0.61 MB)<\/div>\n        <\/a><\/li>\n\n      \n      \n\n      \n      <li\n        class=\"col-xxl-12 col-xl-12 col-lg-12 col-md-12 col-sm-12 main_sec \">\n        <a href=\"https:\/\/rf.gov.pl\/akademia\/wp-content\/uploads\/sites\/2\/2024\/09\/4M.-Kurowski-Ubezpieczenia-szkolne-27.08.pdf\" title=\"Ubezpieczenie szkolne dla dziecka \u2013 o czym warto wiedzie\u0107?\" download> <img decoding=\"async\"\n            src=\"https:\/\/rf.gov.pl\/akademia\/wp-content\/themes\/rfmain\/images\/download-file 1.svg\" alt=\"\">\n          <div class=\"disc\"> <strong>Ubezpieczenie szkolne dla dziecka \u2013 o czym warto wiedzie\u0107? <\/strong> (PDF ,\n            0.39 MB)<\/div>\n        <\/a><\/li>\n\n      \n      \n\n      \n      <li\n        class=\"col-xxl-12 col-xl-12 col-lg-12 col-md-12 col-sm-12 main_sec \">\n        <a href=\"https:\/\/rf.gov.pl\/akademia\/wp-content\/uploads\/sites\/2\/2024\/09\/5-K.-Szwedo-Mackiewicz-M.-Karpinska-AI-Act-6.08.24.pdf\" title=\"AI Act ma znaczenie dla ochrony klient\u00f3w na rynku finansowym\" download> <img decoding=\"async\"\n            src=\"https:\/\/rf.gov.pl\/akademia\/wp-content\/themes\/rfmain\/images\/download-file 1.svg\" alt=\"\">\n          <div class=\"disc\"> <strong>AI Act ma znaczenie dla ochrony klient\u00f3w na rynku finansowym <\/strong> (PDF ,\n            0.24 MB)<\/div>\n        <\/a><\/li>\n\n      \n      \n\n      \n      <li\n        class=\"col-xxl-12 col-xl-12 col-lg-12 col-md-12 col-sm-12 main_sec \">\n        <a href=\"https:\/\/rf.gov.pl\/akademia\/wp-content\/uploads\/sites\/2\/2024\/09\/6-D.-Kowalski-RF-chroni-konsumentow-30.07.24.pdf\" title=\"Rzecznik finansowy aktywnie chroni konsument\u00f3w us\u0142ug bankowych\" download> <img decoding=\"async\"\n            src=\"https:\/\/rf.gov.pl\/akademia\/wp-content\/themes\/rfmain\/images\/download-file 1.svg\" alt=\"\">\n          <div class=\"disc\"> <strong>Rzecznik finansowy aktywnie chroni konsument\u00f3w us\u0142ug bankowych <\/strong> (PDF ,\n            2.08 MB)<\/div>\n        <\/a><\/li>\n\n      \n      \n\n      \n      <li\n        class=\"col-xxl-12 col-xl-12 col-lg-12 col-md-12 col-sm-12 main_sec \">\n        <a href=\"https:\/\/rf.gov.pl\/akademia\/wp-content\/uploads\/sites\/2\/2024\/09\/7-M.-Sas-P.-Slodzinski-Dostepnosc-23.07.24.pdf\" title=\"Wzro\u015bnie dost\u0119pno\u015b\u0107 us\u0142ug finansowych\" download> <img decoding=\"async\"\n            src=\"https:\/\/rf.gov.pl\/akademia\/wp-content\/themes\/rfmain\/images\/download-file 1.svg\" alt=\"\">\n          <div class=\"disc\"> <strong>Wzro\u015bnie dost\u0119pno\u015b\u0107 us\u0142ug finansowych <\/strong> (PDF ,\n            2.13 MB)<\/div>\n        <\/a><\/li>\n\n      \n      \n\n      \n      <li\n        class=\"col-xxl-12 col-xl-12 col-lg-12 col-md-12 col-sm-12 main_sec \">\n        <a href=\"https:\/\/rf.gov.pl\/akademia\/wp-content\/uploads\/sites\/2\/2024\/09\/8-zespol-DUE-OIPE_16.07.24.pdf\" title=\"OIPE: og\u00f3lnoeuropejski indywidualny produkt emerytalny\" download> <img decoding=\"async\"\n            src=\"https:\/\/rf.gov.pl\/akademia\/wp-content\/themes\/rfmain\/images\/download-file 1.svg\" alt=\"\">\n          <div class=\"disc\"> <strong>OIPE: og\u00f3lnoeuropejski indywidualny produkt emerytalny <\/strong> (PDF ,\n            1.37 MB)<\/div>\n        <\/a><\/li>\n\n      \n      \n\n      \n      <li\n        class=\"col-xxl-12 col-xl-12 col-lg-12 col-md-12 col-sm-12 main_sec \">\n        <a href=\"https:\/\/rf.gov.pl\/akademia\/wp-content\/uploads\/sites\/2\/2024\/09\/9-K.-Kaminska-DORA-9.07.24.pdf\" title=\"Czy DORA ochroni klient\u00f3w instytucji finansowych?\" download> <img decoding=\"async\"\n            src=\"https:\/\/rf.gov.pl\/akademia\/wp-content\/themes\/rfmain\/images\/download-file 1.svg\" alt=\"\">\n          <div class=\"disc\"> <strong>Czy DORA ochroni klient\u00f3w instytucji finansowych? <\/strong> (PDF ,\n            1.40 MB)<\/div>\n        <\/a><\/li>\n\n      \n      \n\n      \n      <li\n        class=\"col-xxl-12 col-xl-12 col-lg-12 col-md-12 col-sm-12 main_sec \">\n        <a href=\"https:\/\/rf.gov.pl\/akademia\/wp-content\/uploads\/sites\/2\/2024\/09\/10-M.-Kurowski-ubezp-wyjazdy-zagr-2.07.24.pdf\" title=\"Jak dzia\u0142aj\u0105 ubezpieczenia komunikacyjne przy wyjazdach zagranicznych?\" download> <img decoding=\"async\"\n            src=\"https:\/\/rf.gov.pl\/akademia\/wp-content\/themes\/rfmain\/images\/download-file 1.svg\" alt=\"\">\n          <div class=\"disc\"> <strong>Jak dzia\u0142aj\u0105 ubezpieczenia komunikacyjne przy wyjazdach zagranicznych? <\/strong> (PDF ,\n            2.12 MB)<\/div>\n        <\/a><\/li>\n\n      \n      \n\n      \n      <li\n        class=\"col-xxl-12 col-xl-12 col-lg-12 col-md-12 col-sm-12 main_sec \">\n        <a href=\"https:\/\/rf.gov.pl\/akademia\/wp-content\/uploads\/sites\/2\/2024\/09\/Kowalski-inwestycje-alternatywne-25.06.24.pdf\" title=\"Inwestycje alternatywne\" download> <img decoding=\"async\"\n            src=\"https:\/\/rf.gov.pl\/akademia\/wp-content\/themes\/rfmain\/images\/download-file 1.svg\" alt=\"\">\n          <div class=\"disc\"> <strong>Inwestycje alternatywne <\/strong> (PDF ,\n            1.19 MB)<\/div>\n        <\/a><\/li>\n\n      \n      \n\n      \n      <li\n        class=\"col-xxl-12 col-xl-12 col-lg-12 col-md-12 col-sm-12 main_sec \">\n        <a href=\"https:\/\/rf.gov.pl\/akademia\/wp-content\/uploads\/sites\/2\/2024\/09\/L.-Seroczynski-SN-o-OC-18.06.24.pdf\" title=\"Uchwa\u0142a S\u0105du Najwy\u017cszego dot. likwidacji szk\u00f3d OC\" download> <img decoding=\"async\"\n            src=\"https:\/\/rf.gov.pl\/akademia\/wp-content\/themes\/rfmain\/images\/download-file 1.svg\" alt=\"\">\n          <div class=\"disc\"> <strong>Uchwa\u0142a S\u0105du Najwy\u017cszego dot. likwidacji szk\u00f3d OC <\/strong> (PDF ,\n            1.83 MB)<\/div>\n        <\/a><\/li>\n\n      \n      \n\n      \n      <li\n        class=\"col-xxl-12 col-xl-12 col-lg-12 col-md-12 col-sm-12 main_sec \">\n        <a href=\"https:\/\/rf.gov.pl\/akademia\/wp-content\/uploads\/sites\/2\/2024\/09\/M.-Ozog-Zastrzezenie-PESEL-11.06.24.pdf\" title=\"Zastrze\u017cenie numeru PESEL\" download> <img decoding=\"async\"\n            src=\"https:\/\/rf.gov.pl\/akademia\/wp-content\/themes\/rfmain\/images\/download-file 1.svg\" alt=\"\">\n          <div class=\"disc\"> <strong>Zastrze\u017cenie numeru PESEL <\/strong> (PDF ,\n            1.14 MB)<\/div>\n        <\/a><\/li>\n\n      \n      \n\n      \n    <\/ul>\n  <\/div>\n\n<\/div>\n\n\n\n\n\n\n<p>Artyku\u0142y udost\u0119pniane w ramach niniejszej strony internetowej pochodz\u0105 pierwotnie z serwisu Dziennik Gazeta Prawna. Mo\u017cna je r\u00f3wnie\u017c znale\u017a\u0107 na oficjalnej stronie internetowej <a href=\"https:\/\/www.gazetaprawna.pl\/\" target=\"_blank\" rel=\"noopener\">Dziennika Gazeta Prawna<\/a>.<\/p>\n\n\n\n<p>Ka\u017cdy u\u017cytkownik, kt\u00f3ry korzysta z udost\u0119pnionych artyku\u0142\u00f3w, zobowi\u0105zany jest do przestrzegania regulaminu Dziennika Gazeta Prawna, dost\u0119pnego pod adresem:&nbsp;<a href=\"https:\/\/www.gazetaprawna.pl\/regulamin\/\" target=\"_blank\" rel=\"noopener\">https:\/\/www.gazetaprawna.pl\/regulamin\/.<\/a><\/p>\n","protected":false},"excerpt":{"rendered":"<p>Zach\u0119camy do zapoznania si\u0119 z artyku\u0142ami popularyzuj\u0105cymi wiedz\u0119 o finansach i uprawnieniach klient\u00f3w rynku finansowego, opublikowanymi przez pracownik\u00f3w Biura Rzecznika Finansowego.<\/p>\n","protected":false},"author":1,"featured_media":1381,"parent":135,"menu_order":0,"comment_status":"closed","ping_status":"closed","template":"page-templates\/template-inner-page.php","meta":{"_acf_changed":false,"inline_featured_image":false,"footnotes":"","_links_to":"","_links_to_target":""},"class_list":["post-1380","page","type-page","status-publish","has-post-thumbnail","hentry"],"acf":[],"_links":{"self":[{"href":"https:\/\/rf.gov.pl\/akademia\/wp-json\/wp\/v2\/pages\/1380","targetHints":{"allow":["GET"]}}],"collection":[{"href":"https:\/\/rf.gov.pl\/akademia\/wp-json\/wp\/v2\/pages"}],"about":[{"href":"https:\/\/rf.gov.pl\/akademia\/wp-json\/wp\/v2\/types\/page"}],"author":[{"embeddable":true,"href":"https:\/\/rf.gov.pl\/akademia\/wp-json\/wp\/v2\/users\/1"}],"replies":[{"embeddable":true,"href":"https:\/\/rf.gov.pl\/akademia\/wp-json\/wp\/v2\/comments?post=1380"}],"version-history":[{"count":15,"href":"https:\/\/rf.gov.pl\/akademia\/wp-json\/wp\/v2\/pages\/1380\/revisions"}],"predecessor-version":[{"id":1580,"href":"https:\/\/rf.gov.pl\/akademia\/wp-json\/wp\/v2\/pages\/1380\/revisions\/1580"}],"up":[{"embeddable":true,"href":"https:\/\/rf.gov.pl\/akademia\/wp-json\/wp\/v2\/pages\/135"}],"wp:featuredmedia":[{"embeddable":true,"href":"https:\/\/rf.gov.pl\/akademia\/wp-json\/wp\/v2\/media\/1381"}],"wp:attachment":[{"href":"https:\/\/rf.gov.pl\/akademia\/wp-json\/wp\/v2\/media?parent=1380"}],"curies":[{"name":"wp","href":"https:\/\/api.w.org\/{rel}","templated":true}]}}