   {"id":146,"date":"2024-02-20T09:54:02","date_gmt":"2024-02-20T08:54:02","guid":{"rendered":"https:\/\/rf.gov.pl\/akademia\/?page_id=146"},"modified":"2025-02-10T11:05:46","modified_gmt":"2025-02-10T10:05:46","slug":"wydarzenia","status":"publish","type":"page","link":"https:\/\/rf.gov.pl\/akademia\/wydarzenia\/","title":{"rendered":"Wydarzenia"},"content":{"rendered":"\n<h2 class=\"wp-block-heading\"><strong>Dni Rzecznika Finansowego<\/strong> zorganizowane w 2024 r.<\/h2>\n\n\n\n\n\n<div class=\"\">\n\n\n\n<div class=\"accordion_faq_blue\">\n<div class=\"accordion\" id=\"accordionExample\">\n\n\n  <div class=\"accordion-item\">\n    <div class=\"accordion-header\" id=\"headingOneblock_880b5edacfce6f46e2611dc86c4061520\">\n      <button class=\"accordion-button blue_btn collapsed\" type=\"button\" data-bs-toggle=\"collapse\" data-bs-target=\"#collapseOneblock_880b5edacfce6f46e2611dc86c4061520\" aria-expanded=\"false\" aria-controls=\"collapseOneblock_880b5edacfce6f46e2611dc86c4061520\">\n        <span class=\"blk_num\">1.<\/span> Lublin, Uniwersytet Marii Curie-Sk\u0142odowskiej w\u00a0Lublinie      <\/button>\n    <\/div>\n    <div id=\"collapseOneblock_880b5edacfce6f46e2611dc86c4061520\" class=\"accordion-collapse collapse\" data-bs-parent=\"#accordionExample\" >\n      <div class=\"accordion-body\">\n      <p>Jedn\u0105 z\u00a0inicjatyw Rzecznika Finansowego w\u00a0ramach Roku Edukacji Ekonomicznej s\u0105\u00a0<strong>Dni Rzecznika Finansowego<\/strong>, b\u0119d\u0105ce cyklem spotka\u0144 edukacyjnych organizowanych na\u00a0uczelniach we\u00a0wsp\u00f3\u0142pracy z\u00a0przedstawicielami Doradczego Komitetu Naukowego przy Rzeczniku Finansowym, kt\u00f3re maj\u0105 na\u00a0celu zwi\u0119kszanie \u015bwiadomo\u015bci finansowej spo\u0142ecze\u0144stwa.<\/p>\n<p>Cykl otworzy\u0142y spotkania na\u00a0Wydziale Ekonomicznym Uniwersytetu Marii Curie-Sk\u0142odowskiej w\u00a0Lublinie. Dni Rzecznika Finansowego na\u00a0Uniwersytecie Marii Curie-Sk\u0142odowskiej odby\u0142y si\u0119 w\u00a0terminie 1-2 marca 2024\u00a0r., a\u00a0za\u00a0ich organizacj\u0119 odpowiedzialna by\u0142a zasiadaj\u0105ca w\u00a0Doradczym Komitecie Naukowym dr\u00a0hab. Teresa Bednarczyk, prof.\u00a0UMCS, we\u00a0wsp\u00f3\u0142pracy z\u00a0Biurem Rzecznika Finansowego \u2013 w\u00a0szczeg\u00f3lno\u015bci z\u00a0Pe\u0142nomocnikiem Terenowym Rzecznika Finansowego w\u00a0Lublinie wraz ze\u00a0wsp\u00f3\u0142pracownikami.<\/p>\n<p>1 marca br.\u00a0odby\u0142y si\u0119 wyk\u0142ady przeznaczone dla uczni\u00f3w szk\u00f3\u0142 \u015brednich z\u00a0Lublina i\u00a0regionu oraz\u00a0student\u00f3w i\u00a0pracownik\u00f3w Uniwersytetu Marii Curie-Sk\u0142odowskiej. Pe\u0142nomocnik Terenowa Rzecznika Finansowego Ewa Kruszczy\u0144ska-G\u0142az przedstawi\u0142a mo\u017cliwo\u015bci pomocy oferowanej przez\u00a0Rzecznika Finansowego dla klient\u00f3w podmiot\u00f3w rynku finansowego oraz\u00a0opowiedzia\u0142a o\u00a0dzia\u0142alno\u015bci Pe\u0142nomocnika Terenowego Rzecznika Finansowego w\u00a0Lublinie. Radca prawny Magdalena Kunaszewska-Go\u0142ofit opowiedzia\u0142a s\u0142uchaczom o\u00a0nieautoryzowanych transakcjach p\u0142atniczych i\u00a0udzieli\u0142a praktycznych porad dotycz\u0105cych bezpiecze\u0144stwa przy korzystaniu z\u00a0technologii p\u0142atniczych.<\/p>\n<p>Drugiego dnia Biuro Rzecznika Finansowego reprezentowa\u0142 dr\u00a0Maciej Pr\u00f3chnicki z\u00a0Departamentu Edukacji i\u00a0Komunikacji. Maciej Pr\u00f3chnicki przedstawi\u0142 prelekcj\u0119 dla Uniwersytetu Dzieci\u0119cego UMCS, w\u00a0ramach kt\u00f3rej\u00a0najm\u0142odsi studenci (wraz z\u00a0rodzicami) poznali zasady dzia\u0142ania podstawowych us\u0142ug finansowych, takich jak po\u017cyczki, konta bankowe, czy\u00a0r\u00f3\u017cne rodzaje ubezpiecze\u0144, a\u00a0tak\u017ce dowiedzieli si\u0119 o\u00a0roli Rzecznika Finansowego jako organu ochrony praw obywatelskich. M\u0142odzi uczestnicy spotkania mogli ponadto sprawdzi\u0107 swoj\u0105 wiedz\u0119 w\u00a0ramach quizu. Na\u00a0kolejnym spotkaniu s\u0142uchacze Lubelskiego Uniwersytetu Trzeciego Wieku poznali mo\u017cliwo\u015bci wsparcia, kt\u00f3re uzyska\u0107 mo\u017cna od\u00a0Rzecznika Finansowego w\u00a0sporze z\u00a0podmiotem rynku finansowego, a\u00a0tak\u017ce otrzymali kilka wskaz\u00f3wek dotycz\u0105cych bezpiecze\u0144stwa p\u0142atno\u015bci.<\/p>\n      <\/div>\n    <\/div>\n  <\/div>\n\n  \n  <div class=\"accordion-item\">\n    <div class=\"accordion-header\" id=\"headingOneblock_880b5edacfce6f46e2611dc86c4061521\">\n      <button class=\"accordion-button blue_btn collapsed\" type=\"button\" data-bs-toggle=\"collapse\" data-bs-target=\"#collapseOneblock_880b5edacfce6f46e2611dc86c4061521\" aria-expanded=\"false\" aria-controls=\"collapseOneblock_880b5edacfce6f46e2611dc86c4061521\">\n        <span class=\"blk_num\">2.<\/span>  Nowa Sarzyna, I Liceum Og\u00f3lnokszta\u0142c\u0105ce       <\/button>\n    <\/div>\n    <div id=\"collapseOneblock_880b5edacfce6f46e2611dc86c4061521\" class=\"accordion-collapse collapse\" data-bs-parent=\"#accordionExample\" >\n      <div class=\"accordion-body\">\n      <p>W dniu 4 marca 2024 roku Rzecznik Finansowy przeprowadzi\u0142 akcj\u0119 edukacyjn\u0105 w Nowej Sarzynie. Eksperci z Biura Rzecznika Finansowego poprowadzili warsztaty dla uczni\u00f3w I Liceum Og\u00f3lnokszta\u0142c\u0105cego w Nowej Sarzynie oraz wyk\u0142ad dla senior\u00f3w na temat dzia\u0142alno\u015bci Rzecznika Finansowego na rzecz ochrony praw klient\u00f3w podmiot\u00f3w rynku finansowego.<\/p>\n<p>W ramach spotkania z uczniami zorganizowany zosta\u0142 quiz z wykorzystaniem aplikacji mobilnej wraz z nagrodami dla os\u00f3b z najlepszymi wynikami punktowymi. Przedstawione zosta\u0142y r\u00f3wnie\u017c wzory wniosk\u00f3w z praktycznymi wskaz\u00f3wkami dla potencjalnych wnioskodawc\u00f3w. Prowadz\u0105cy odpowiadali na pytania zadawane w ramach dyskusji. Przybli\u017cone zosta\u0142y przyk\u0142adowe sprawy, w kt\u00f3rych skutecznie udzielono wsparcia osobom poszukuj\u0105cym pomocy prawnej.<\/p>\n      <\/div>\n    <\/div>\n  <\/div>\n\n  \n  <div class=\"accordion-item\">\n    <div class=\"accordion-header\" id=\"headingOneblock_880b5edacfce6f46e2611dc86c4061522\">\n      <button class=\"accordion-button blue_btn collapsed\" type=\"button\" data-bs-toggle=\"collapse\" data-bs-target=\"#collapseOneblock_880b5edacfce6f46e2611dc86c4061522\" aria-expanded=\"false\" aria-controls=\"collapseOneblock_880b5edacfce6f46e2611dc86c4061522\">\n        <span class=\"blk_num\">3.<\/span> Dolny \u015al\u0105sk, Uniwersytet Ekonomiczny we Wroc\u0142awiu \u2013 Filia w Jeleniej G\u00f3rze      <\/button>\n    <\/div>\n    <div id=\"collapseOneblock_880b5edacfce6f46e2611dc86c4061522\" class=\"accordion-collapse collapse\" data-bs-parent=\"#accordionExample\" >\n      <div class=\"accordion-body\">\n      <p>W\u00a0dniach 25-27 marca 2024\u00a0r. odby\u0142y si\u0119 kolejne akcje edukacyjne w\u00a0ramach cyklu Dni Rzecznika Finansowego, tym razem organizowane we\u00a0wsp\u00f3\u0142pracy z\u00a0Uniwersytetem Ekonomicznym we\u00a0Wroc\u0142awiu \u2013 Fili\u0105 w\u00a0Jeleniej G\u00f3rze. Spotkania obejmowa\u0142y warsztaty dla senior\u00f3w, student\u00f3w i\u00a0uczni\u00f3w szk\u00f3\u0142 \u015brednich, a\u00a0z\u00a0ramienia Doradczego Komitetu Naukowego przy Rzeczniku Finansowym koordynowa\u0142 je\u00a0dr\u00a0hab. Robert Kurek, prof.\u00a0UEW. Ponadto, akcje edukacyjne na\u00a0Dolnym \u015al\u0105sku obejmowa\u0142y tak\u017ce uczestnictwo przedstawicieli Biura Rzecznika Finansowego w\u00a0II\u00a0Olimpiadzie Wiedzy Konsumenckiej w\u00a0Legnicy, gdzie M. Czapli\u0144ski (Departament Analiz i\u00a0Legislacji) 26 marca 2024\u00a0r. wyg\u0142osi\u0142 prelekcj\u0119 po\u015bwi\u0119con\u0105 ochronie klienta rynku finansowego.<\/p>\n<p>W ramach spotkania w Jeleniej G\u00f3rze dla student\u00f3w i pracownik\u00f3w Uniwersytetu Ekonomicznego we Wroc\u0142awiu \u2013 Filia w Jeleniej G\u00f3rze dzi\u0119ki wprowadzaj\u0105cemu wyst\u0105pieniu dr. hab. R. Kurka, prof. UEW, studenci mieli okazj\u0119 pozna\u0107 rol\u0119 instytucji Rzecznika Finansowego i mo\u017cliwo\u015bci pomocy dla klient\u00f3w podmiot\u00f3w rynku finansowego, jakie oferuje. M. Pr\u00f3chnicki i M. Jakubiec (Departament Edukacji i Komunikacji) przedstawili inicjatywy edukacyjne prowadzone przez Biuro Rzecznika Finansowego, a zast\u0119pca dyrektora Departamentu Pozas\u0105dowego Rozwi\u0105zywania Spor\u00f3w, S. Nowaczyk, przedstawi\u0142a szczeg\u00f3\u0142y post\u0119powania interwencyjnego i polubownego, a tak\u017ce kilka praktycznych wskaz\u00f3wek, co mo\u017cna zrobi\u0107 w przypadku nieautoryzowanych transakcji. Po cz\u0119\u015bci wyk\u0142adowej nast\u0105pi\u0142a o\u017cywiona dyskusja.<\/p>\n<p>Podczas spotkania w\u00a0Kowarach i\u00a0Boles\u0142awcu przeznaczonego dla Klubu Seniora i\u00a0cz\u0142onk\u00f3w Uniwersytetu Trzeciego Wieku prof.\u00a0Robert Kurek przedstawi\u0142 instytucj\u0119 Rzecznika Finansowego oraz\u00a0formy pomocy, kt\u00f3rej\u00a0mo\u017ce udzieli\u0107. Sylwia Nowaczyk opowiedzia\u0142a zgromadzonym, czym jest reklamacja oraz\u00a0na\u00a0czym polegaj\u0105 post\u0119powania interwencyjne i\u00a0polubowne prowadzone przez\u00a0Rzecznika Finansowego. Wyja\u015bniono te\u017c, jak z\u00a0punktu widzenia prawa spadkowego wygl\u0105da mo\u017cliwo\u015b\u0107 dost\u0119pu do\u00a0rachunk\u00f3w bankowych po\u00a0osobie zmar\u0142ej. Na\u00a0obu spotkaniach uczestnicy mieli okazj\u0119 tak\u017ce zada\u0107 kilka pyta\u0144 pracownikom Biura Rzecznika Finansowego.<\/p>\n<p>W\u00a0\u015brod\u0119 rano przedstawiciele Rzecznika Finansowego spotkali si\u0119 z\u00a0uczniami i\u00a0nauczycielami z\u00a0Zespo\u0142u Szk\u00f3\u0142 Ponadpodstawowych im.\u00a0Adama Mickiewicza w\u00a0Lubaniu. Prof.\u00a0R. Kurek opowiedzia\u0142, jak dzia\u0142a Rzecznik Finansowy, a\u00a0M. Pr\u00f3chnicki umiejscowi\u0142 rol\u0119 Rzecznika Finansowego w\u00a0systemie ochrony praw obywatelskich oraz\u00a0wyja\u015bni\u0142, jak mo\u017cna z\u0142o\u017cy\u0107 reklamacj\u0119 do\u00a0podmiotu rynku finansowego i\u00a0co\u00a0mo\u017ce zrobi\u0107 Rzecznik Finansowy, gdy\u00a0nie\u00a0zostanie ona uwzgl\u0119dniona. Spotkanie zako\u0144czy\u0142 przygotowany przez\u00a0zesp\u00f3\u0142 Rzecznika Finansowego quiz z\u00a0nagrodami.<\/p>\n<p>Spotkania edukacyjne na\u00a0Dolnym \u015al\u0105sku wpisuj\u0105 si\u0119 w\u00a0cykl dzia\u0142a\u0144 Rzecznika Finansowego z\u00a0okazji Roku Edukacji Ekonomicznej. Zach\u0119camy do\u00a0\u015bledzenia informacji na\u00a0temat kolejnych wydarze\u0144.<\/p>\n      <\/div>\n    <\/div>\n  <\/div>\n\n  \n  <div class=\"accordion-item\">\n    <div class=\"accordion-header\" id=\"headingOneblock_880b5edacfce6f46e2611dc86c4061523\">\n      <button class=\"accordion-button blue_btn collapsed\" type=\"button\" data-bs-toggle=\"collapse\" data-bs-target=\"#collapseOneblock_880b5edacfce6f46e2611dc86c4061523\" aria-expanded=\"false\" aria-controls=\"collapseOneblock_880b5edacfce6f46e2611dc86c4061523\">\n        <span class=\"blk_num\">4.<\/span> Gda\u0144sk, Uniwersytet Gda\u0144ski      <\/button>\n    <\/div>\n    <div id=\"collapseOneblock_880b5edacfce6f46e2611dc86c4061523\" class=\"accordion-collapse collapse\" data-bs-parent=\"#accordionExample\" >\n      <div class=\"accordion-body\">\n      <p>W\u00a0dniach 21-22 marca 2024\u00a0r. na\u00a0<strong>Wydziale Prawa i\u00a0Administracji Uniwersytetu Gda\u0144skiego<\/strong> odby\u0142o si\u0119 kolejne wydarzenie z\u00a0cyklu Dni Rzecznika Finansowego, czyli spotka\u0144 edukacyjnych organizowanych przez\u00a0Biuro Rzecznika Finansowego we\u00a0wsp\u00f3\u0142pracy z\u00a0Doradczym Komitetem Naukowym przy Rzeczniku Finansowym. Dni Rzecznika Finansowego s\u0105\u00a0jedn\u0105 z\u00a0inicjatyw Rzecznika Finansowego w\u00a0ramach Roku Edukacji Ekonomicznej.<\/p>\n<p>W\u00a0czwartek zesp\u00f3\u0142 Biura Rzecznika Finansowego (Ziemowit Bag\u0142ajewski, Jakub Borowski, Anna Gadomska, Eliza Gu\u017cewska, Dariusz Kowalski, Maciej Pr\u00f3chnicki, Micha\u0142 Sas, Maciej Sawa) we\u00a0wsp\u00f3\u0142pracy z\u00a0zespo\u0142em kierowanym przez\u00a0cz\u0142onkini\u0119 Doradczego Komitetu Naukowego przy Rzeczniku Finansowym \u2013 dr\u00a0hab. Dorot\u0119 Ma\u015bniak, prof.\u00a0UG, przygotowa\u0142 seri\u0119 warsztat\u00f3w edukacyjnych.<\/p>\n<p>Micha\u0142 Sas, dyrektor Departamentu Analiz i\u00a0Legislacji, przygotowa\u0142 warsztaty pod\u00a0nazw\u0105 \u201eKryptoaktywa \u2013 d\u0142uga droga od\u00a0projektu Satoshiego Nakamoto do\u00a0regulowanych us\u0142ug finansowych\u201d, skierowane do\u00a0m\u0142odzie\u017cy ze\u00a0szk\u00f3\u0142 \u015brednich oraz\u00a0student\u00f3w. W\u00a0ramach spotkania Micha\u0142 Sas zaprezentowa\u0142 zadania Rzecznika Finansowego, regulacje zawarte w\u00a0rozporz\u0105dzeniu MiCA oraz\u00a0podstawowe rodzaje kryptoaktyw\u00f3w. Przedstawione zagadnienia wywo\u0142a\u0142y \u017cyw\u0105 dyskusj\u0119 o\u00a0roli nowych technologii w\u00a0inwestycjach w\u015br\u00f3d zgromadzonych licealist\u00f3w i\u00a0student\u00f3w.<\/p>\n<p>Kolejne spotkanie pod\u00a0nazw\u0105 \u201eBezpieczne finanse \u2013 o\u00a0nieautoryzowanych transakcjach p\u0142atniczych\u201d poprowadzi\u0142 dla Uniwersytetu Trzeciego Wieku dr\u00a0Dariusz Kowalski, zast\u0119pca dyrektora Departamentu Klienta Rynku Bankowego i\u00a0Kapita\u0142owego. Seniorzy mieli okazj\u0119 nauczy\u0107 si\u0119 rozpoznawania pu\u0142apek i\u00a0oszustw finansowych, co\u00a0mo\u017ce uchroni\u0107 ich przed\u00a0utrat\u0105 oszcz\u0119dno\u015bci czy\u00a0innymi formami wykorzystywania przez\u00a0nieuczciwe podmioty.<\/p>\n<p>Ostatnim punktem programu pierwszego dnia wydarzenia by\u0142y warsztaty pt. \u201eWybrane zagadnienia w zakresie ochrony klienta rynku ubezpieczeniowego\u201d, kt\u00f3re przeprowadzili Eliza Gu\u017cewska, zast\u0119pca dyrektora Departamentu Klienta Rynku Ubezpieczeniowo-Emerytalnego, oraz Jakub Borowski, Pe\u0142nomocnik Terenowy Rzecznika Finansowego w Olsztynie. W ramach warsztat\u00f3w studenci zrzeszeni w ramach k\u00f3\u0142 specjalizuj\u0105cych si\u0119 w prawie ubezpieczeniowym i finansowym zapoznali si\u0119 z problematyk\u0105 spraw ubezpieczeniowych oraz mieli okazj\u0119 rozwi\u0105za\u0107 kilka praktycznych kazus\u00f3w, wcielaj\u0105c si\u0119 w r\u00f3\u017cne role procesowe.<\/p>\n<p>W\u00a0ramach dw\u00f3ch ostatnich spotka\u0144 Anna Gadomska, dyrektor Departamentu Pozas\u0105dowego Rozwi\u0105zywania Spor\u00f3w, poprowadzi\u0142a tak\u017ce prelekcje dotycz\u0105ce metod polubownego rozwi\u0105zywania spor\u00f3w pomi\u0119dzy klientem a\u00a0podmiotem rynku finansowego.<\/p>\n      <\/div>\n    <\/div>\n  <\/div>\n\n  \n  <div class=\"accordion-item\">\n    <div class=\"accordion-header\" id=\"headingOneblock_880b5edacfce6f46e2611dc86c4061524\">\n      <button class=\"accordion-button blue_btn collapsed\" type=\"button\" data-bs-toggle=\"collapse\" data-bs-target=\"#collapseOneblock_880b5edacfce6f46e2611dc86c4061524\" aria-expanded=\"false\" aria-controls=\"collapseOneblock_880b5edacfce6f46e2611dc86c4061524\">\n        <span class=\"blk_num\">5.<\/span> Bochnia, Staropolska Akademia Nauk Stosowanych      <\/button>\n    <\/div>\n    <div id=\"collapseOneblock_880b5edacfce6f46e2611dc86c4061524\" class=\"accordion-collapse collapse\" data-bs-parent=\"#accordionExample\" >\n      <div class=\"accordion-body\">\n      <p>18 kwietnia odby\u0142a si\u0119 akcja edukacyjna w cyklu Dni Rzecznika Finansowego, tym razem organizowana we wsp\u00f3\u0142pracy z Wydzia\u0142em Zamiejscowym w Bochni Staropolskiej Akademii Nauk Stosowanych w Kielcach. Dzi\u0119ki wsparciu Pani prof. dr hab. Wandy Su\u0142kowskiej oraz uprzejmo\u015bci Pana Jerzego Wojnara \u2013 Dyrektora Filii, przedstawiciele Rzecznika Finansowego dr Micha\u0142 O\u017c\u00f3g oraz Bartosz Taperek mieli okazj\u0119 spotka\u0107 si\u0119 z m\u0142odzie\u017c\u0105 I Liceum Og\u00f3lnokszta\u0142c\u0105cego im. Kr\u00f3la Kazimierza Wielkiego oraz Zespo\u0142u Szk\u00f3\u0142 nr 3. W wydarzeniu wzi\u0119\u0142o udzia\u0142 oko\u0142o 150 os\u00f3b. W trakcie akcji edukacyjnej boche\u0144scy uczniowie mieli okazj\u0119 zapozna\u0107 si\u0119 z instytucj\u0105 Rzecznika Finansowego i jego rol\u0105 w systemie ochrony klienta podmiot\u00f3w rynku finansowego. Szczeg\u00f3lny nacisk po\u0142o\u017cony zosta\u0142 na zaprezentowanie dzia\u0142alno\u015bci edukacyjnej Rzecznika Finansowego skierowanej dla m\u0142odzie\u017cy. Prelegenci przedstawili r\u00f3wnie\u017c kwesti\u0119 szans oraz zagro\u017ce\u0144 dla konsument\u00f3w w zmieniaj\u0105cym si\u0119 \u015brodowisku cyfrowych finans\u00f3w.<\/p>\n      <\/div>\n    <\/div>\n  <\/div>\n\n  \n  <div class=\"accordion-item\">\n    <div class=\"accordion-header\" id=\"headingOneblock_880b5edacfce6f46e2611dc86c4061525\">\n      <button class=\"accordion-button blue_btn collapsed\" type=\"button\" data-bs-toggle=\"collapse\" data-bs-target=\"#collapseOneblock_880b5edacfce6f46e2611dc86c4061525\" aria-expanded=\"false\" aria-controls=\"collapseOneblock_880b5edacfce6f46e2611dc86c4061525\">\n        <span class=\"blk_num\">6.<\/span> Krak\u00f3w, Uniwersytet Jagiello\u0144ski      <\/button>\n    <\/div>\n    <div id=\"collapseOneblock_880b5edacfce6f46e2611dc86c4061525\" class=\"accordion-collapse collapse\" data-bs-parent=\"#accordionExample\" >\n      <div class=\"accordion-body\">\n      <p>W \u015brod\u0119 15 maja odby\u0142o si\u0119 kolejne spotkanie z cyklu Dni Rzecznika Finansowego. Tym razem przedstawiciele Biura RF poprowadzili spotkanie edukacyjne dla student\u00f3w Jagiello\u0144skiego Uniwersytetu Trzeciego Wieku w Krakowie. Dr Micha\u0142 O\u017c\u00f3g i dr Maciej Pr\u00f3chnicki przybli\u017cyli histori\u0119 powstania instytucji Rzecznika Finansowego, jej rol\u0119 w systemie ochrony praw konsumenta i formy pomocy, kt\u00f3re mo\u017cna uzyska\u0107, a tak\u017ce przedstawili podstawowe kwestie zwi\u0105zane z problematyk\u0105 nieautoryzowanych transakcji p\u0142atniczych i praktyczne porady, jak zabezpiecza\u0107 si\u0119 przed oszustwami. Po cz\u0119\u015bci wyk\u0142adowej nast\u0105pi\u0142a o\u017cywiona dyskusja, w trakcie kt\u00f3rej uczestnicy spotkania zadawali pytania dotycz\u0105ce dzia\u0142alno\u015bci Rzecznika Finansowego oraz dzielili si\u0119 przyk\u0142adami w\u0142asnych do\u015bwiadcze\u0144 z rynkiem finansowym i prawem konsumenckim. Spotkanie mia\u0142o form\u0119 hybrydow\u0105 i zgromadzi\u0142o liczne audytorium nie tylko na \u017cywo, ale i online. Wydarzenie odby\u0142o si\u0119 dzi\u0119ki uprzejmo\u015bci prof. dr. hab. Jerzego Pisuli\u0144skiego oraz dyrektor JUTW Ewy Pi\u0142at.<\/p>\n<p>&nbsp;<\/p>\n      <\/div>\n    <\/div>\n  <\/div>\n\n  \n  <div class=\"accordion-item\">\n    <div class=\"accordion-header\" id=\"headingOneblock_880b5edacfce6f46e2611dc86c4061526\">\n      <button class=\"accordion-button blue_btn collapsed\" type=\"button\" data-bs-toggle=\"collapse\" data-bs-target=\"#collapseOneblock_880b5edacfce6f46e2611dc86c4061526\" aria-expanded=\"false\" aria-controls=\"collapseOneblock_880b5edacfce6f46e2611dc86c4061526\">\n        <span class=\"blk_num\">7.<\/span> Rzesz\u00f3w, Politechnika Rzeszowska      <\/button>\n    <\/div>\n    <div id=\"collapseOneblock_880b5edacfce6f46e2611dc86c4061526\" class=\"accordion-collapse collapse\" data-bs-parent=\"#accordionExample\" >\n      <div class=\"accordion-body\">\n      <p>Nast\u0119pnym uniwersytetem, gdzie odby\u0142y si\u0119 Dni Rzecznika Finansowego by\u0142a Politechnika Rzeszowska (21.05.2024). W spotkaniu uczestniczy\u0142o ponad 200 os\u00f3b. Zebranych przywitali przedstawiciele w\u0142adz Wydzia\u0142u Zarz\u0105dzania Politechniki Rzeszowskiej oraz Pani dr Anna Ostrowska \u2013 Dankiewicz, kt\u00f3ra koordynowa\u0142a wydarzenie z ramienia Uczelni. Wydarzenie poprowadzili: dr Micha\u0142 O\u017c\u00f3g, dr Maciej Pr\u00f3chnicki i apl. rad. Mateusz Krzak, kt\u00f3rzy opowiedzieli o dzia\u0142aniach i instrumentach reakcji prawnej, w kt\u00f3re wyposa\u017cony jest Rzecznik Finansowy, jako organ stoj\u0105cy na stra\u017cy interes\u00f3w klient\u00f3w podmiot\u00f3w rynku finansowego. Prelegenci zwr\u00f3cili r\u00f3wnie\u017c uwag\u0119 na znaczenie edukacji ekonomicznej, kt\u00f3ra ma na celu zwi\u0119kszenie \u015bwiadomo\u015bci finansowej Polak\u00f3w. Przybli\u017cone zosta\u0142y przyk\u0142adowe sprawy, z kt\u00f3rymi klienci podmiot\u00f3w rynku finansowego mog\u0105 zwr\u00f3ci\u0107 si\u0119 o pomoc w rozwi\u0105zaniu do Rzecznika Finansowego.<\/p>\n      <\/div>\n    <\/div>\n  <\/div>\n\n  \n  <div class=\"accordion-item\">\n    <div class=\"accordion-header\" id=\"headingOneblock_880b5edacfce6f46e2611dc86c4061527\">\n      <button class=\"accordion-button blue_btn collapsed\" type=\"button\" data-bs-toggle=\"collapse\" data-bs-target=\"#collapseOneblock_880b5edacfce6f46e2611dc86c4061527\" aria-expanded=\"false\" aria-controls=\"collapseOneblock_880b5edacfce6f46e2611dc86c4061527\">\n        <span class=\"blk_num\">8.<\/span> Kielce, Staropolska Akademia Nauk Stosowanych w Kielcach      <\/button>\n    <\/div>\n    <div id=\"collapseOneblock_880b5edacfce6f46e2611dc86c4061527\" class=\"accordion-collapse collapse\" data-bs-parent=\"#accordionExample\" >\n      <div class=\"accordion-body\">\n      <p>Ostatnim wiosennym wydarzeniem edukacyjnym by\u0142o spotkanie online w pi\u0105tek 7 czerwca dla student\u00f3w i pracownik\u00f3w Staropolskiej Akademii Nauk Stosowanych w Kielcach. Program zdalnego Dnia Rzecznika Finansowego, w kt\u00f3rym w roli prelegent\u00f3w wyst\u0105pili r. pr. Micha\u0142 Rzeszutek (Departament Klienta Rynku Bankowego i Kapita\u0142owego) oraz dr Maciej Pr\u00f3chnicki (Departament Edukacji i Komunikacji) obejmowa\u0142 prezentacj\u0119 mo\u017cliwo\u015bci pomocy, jak\u0105 oferuje Biuro Rzecznika Finansowego klientom podmiot\u00f3w rynku finansowego oraz inicjatyw edukacyjnych podejmowanych przez Biuro, a tak\u017ce specjalistyczn\u0105 prelekcj\u0119 po\u015bwi\u0119con\u0105 instytucji sankcji kredytu darmowego. Wydarzenie zorganizowane zosta\u0142o przy wsparciu prof. dr hab. Wandy Su\u0142kowskiej oraz dr hab. Artura Kuchci\u0144skiego, prof. StANS \u2013 Dziekana Instytutu Nauk Ekonomicznych.<\/p>\n      <\/div>\n    <\/div>\n  <\/div>\n\n  \n  <div class=\"accordion-item\">\n    <div class=\"accordion-header\" id=\"headingOneblock_880b5edacfce6f46e2611dc86c4061528\">\n      <button class=\"accordion-button blue_btn collapsed\" type=\"button\" data-bs-toggle=\"collapse\" data-bs-target=\"#collapseOneblock_880b5edacfce6f46e2611dc86c4061528\" aria-expanded=\"false\" aria-controls=\"collapseOneblock_880b5edacfce6f46e2611dc86c4061528\">\n        <span class=\"blk_num\">9.<\/span> Katowice, Uniwersytet \u015al\u0105ski w\u00a0Katowicach      <\/button>\n    <\/div>\n    <div id=\"collapseOneblock_880b5edacfce6f46e2611dc86c4061528\" class=\"accordion-collapse collapse\" data-bs-parent=\"#accordionExample\" >\n      <div class=\"accordion-body\">\n      <p>15 pa\u017adziernika na Wydziale Prawa i Administracji Uniwersytetu \u015al\u0105skiego w Katowicach odby\u0142 si\u0119 Dzie\u0144 Rzecznika Finansowego, kt\u00f3rego has\u0142em przewodnim by\u0142o \u201eZadbaj o swoje finanse\u201d. Wydarzenie zorganizowa\u0142o Biuro Rzecznika Finansowego we wsp\u00f3\u0142pracy z cz\u0142onkiem Doradczego Komitetu Naukowego Rzecznika Finansowego, dr. hab. Mariuszem Frasem, prof. Uniwersytetu \u015al\u0105skiego.<\/p>\n<p>Pierwszym punktem wydarzenia by\u0142 wyk\u0142ad przedstawicieli Departamentu Edukacji i\u00a0Komunikacji: Bartosza Taperka, Miko\u0142aja Soko\u0142owskiego oraz\u00a0Macieja Pr\u00f3chnickiego. Przedstawili oni instytucj\u0119 Rzecznika Finansowego jako organ ochrony praw klienta, om\u00f3wili formy pomocy oferowane przez\u00a0Biuro oraz\u00a0dzia\u0142ania edukacyjne podejmowane przez\u00a0t\u0119\u00a0instytucj\u0119. Ze\u00a0wzgl\u0119du na\u00a0trwaj\u0105cy Tydzie\u0144 Mediacji, szczeg\u00f3lny nacisk po\u0142o\u017cono na\u00a0mo\u017cliwo\u015bci pozas\u0105dowego rozwi\u0105zania sporu z\u00a0podmiotem rynku finansowego.<\/p>\n<p>Kolejnym punktem wydarzenia by\u0142a prelekcja przedstawicielki Departamentu Klienta Rynku Ubezpieczeniowo-Emerytalnego, r.pr. Agnieszki Maj, kt\u00f3ra\u00a0na\u00a0podstawie przyk\u0142ad\u00f3w om\u00f3wi\u0142a zagadnienia zwi\u0105zane z\u00a0ryzykiem w\u00a0umowie ubezpieczenia na\u00a0\u017cycie oraz\u00a0praktyki stosowania artyku\u0142u 815 kodeksu cywilnego, analizuj\u0105c r\u00f3wnie\u017c najnowsze orzecznictwo w\u00a0tym zakresie.<\/p>\n<p>Ca\u0142e wydarzenie moderowa\u0142a przewodnicz\u0105ca Doradczego Komitetu Naukowego, dr\u00a0hab. Edyta Rutkowska-Tomaszewska, prof.\u00a0Uniwersytetu Wroc\u0142awskiego.<\/p>\n<p>&nbsp;<\/p>\n      <\/div>\n    <\/div>\n  <\/div>\n\n  \n  <div class=\"accordion-item\">\n    <div class=\"accordion-header\" id=\"headingOneblock_880b5edacfce6f46e2611dc86c4061529\">\n      <button class=\"accordion-button blue_btn collapsed\" type=\"button\" data-bs-toggle=\"collapse\" data-bs-target=\"#collapseOneblock_880b5edacfce6f46e2611dc86c4061529\" aria-expanded=\"false\" aria-controls=\"collapseOneblock_880b5edacfce6f46e2611dc86c4061529\">\n        <span class=\"blk_num\">10.<\/span> Katowice, Uniwersytet Ekonomiczny w Katowicach      <\/button>\n    <\/div>\n    <div id=\"collapseOneblock_880b5edacfce6f46e2611dc86c4061529\" class=\"accordion-collapse collapse\" data-bs-parent=\"#accordionExample\" >\n      <div class=\"accordion-body\">\n      <p>Kolejne spotkanie z\u00a0cyklu Dni Rzecznika Finansowego odby\u0142o si\u0119 16 pa\u017adziernika na\u00a0Uniwersytecie Ekonomicznym w\u00a0Katowicach. Uroczystego otwarcia wydarzenia dokona\u0142 Prorektor ds.\u00a0Kszta\u0142cenia i\u00a0Wsp\u00f3\u0142pracy Mi\u0119dzynarodowej, prof.\u00a0dr\u00a0hab. Wojciech Dyduch. Koordynatorem wydarzenia by\u0142 prof.\u00a0S\u0142awomir Smyczek, cz\u0142onek Doradczego Komitetu Naukowego przy Rzeczniku Finansowym.<\/p>\n<p>W\u00a0cz\u0119\u015bci merytorycznej Bartosz Taperek, Miko\u0142aj Soko\u0142owski oraz\u00a0Maciej Pr\u00f3chnicki z\u00a0Departamentu Edukacji i\u00a0Komunikacji przedstawili zebranym \u2013 licznie zgromadzonym studentom, pracownikom uczelni oraz\u00a0kilkunastu osobom pe\u0142ni\u0105cym funkcje miejskich i\u00a0powiatowych rzecznik\u00f3w konsument\u00f3w z\u00a0rejonu G\u00f3rnego \u015al\u0105ska i\u00a0Zag\u0142\u0119bia \u2013 instytucj\u0119 Rzecznika Finansowego oraz\u00a0formy pomocy, kt\u00f3re Biuro Rzecznika Finansowego oferuje klientom rynku finansowego. W\u00a0zwi\u0105zku z\u00a0trwaj\u0105cym Tygodniem Mediacji om\u00f3wiono r\u00f3wnie\u017c zalety i\u00a0szczeg\u00f3\u0142y post\u0119powania polubownego, a\u00a0tak\u017ce dzia\u0142ania edukacyjne prowadzone przez\u00a0Biuro Rzecznika Finansowego.<\/p>\n<p>W\u00a0drugiej cz\u0119\u015bci wydarzenia r.pr. Agnieszka Maj z\u00a0Departamentu Klienta Rynku Ubezpieczeniowo-Emerytalnego zaprezentowa\u0142a tematyk\u0119 ubezpiecze\u0144 na\u00a0\u017cycie oraz\u00a0om\u00f3wi\u0142a praktyczno-prawne problemy zwi\u0105zane z\u00a0tym rodzajem produkt\u00f3w ubezpieczeniowych. Szczeg\u00f3ln\u0105 uwag\u0119 zwr\u00f3ci\u0142a na\u00a0kwesti\u0119 stanu zdrowia ubezpieczonych przed\u00a0przyst\u0105pieniem do\u00a0umowy ubezpieczenia. Du\u017co uwagi po\u015bwi\u0119cono r\u00f3wnie\u017c tematowi profesjonalizmu lub jego braku podczas zawierania um\u00f3w ubezpieczenia na\u00a0\u017cycie.<\/p>\n<p>Po\u00a0prezentacjach odby\u0142a si\u0119 \u017cywa dyskusja z\u00a0udzia\u0142em student\u00f3w oraz\u00a0rzecznik\u00f3w konsument\u00f3w, co\u00a0stworzy\u0142o okazj\u0119 do\u00a0wymiany do\u015bwiadcze\u0144 i\u00a0pog\u0142\u0119bienia wiedzy na\u00a0temat mediacji i\u00a0ubezpiecze\u0144.<\/p>\n      <\/div>\n    <\/div>\n  <\/div>\n\n  \n  <div class=\"accordion-item\">\n    <div class=\"accordion-header\" id=\"headingOneblock_880b5edacfce6f46e2611dc86c40615210\">\n      <button class=\"accordion-button blue_btn collapsed\" type=\"button\" data-bs-toggle=\"collapse\" data-bs-target=\"#collapseOneblock_880b5edacfce6f46e2611dc86c40615210\" aria-expanded=\"false\" aria-controls=\"collapseOneblock_880b5edacfce6f46e2611dc86c40615210\">\n        <span class=\"blk_num\">11.<\/span> Warszawa, Szko\u0142a G\u0142\u00f3wna Handlowa w\u00a0Warszawie      <\/button>\n    <\/div>\n    <div id=\"collapseOneblock_880b5edacfce6f46e2611dc86c40615210\" class=\"accordion-collapse collapse\" data-bs-parent=\"#accordionExample\" >\n      <div class=\"accordion-body\">\n      <p>24 pa\u017adziernika w\u00a0Szkole G\u0142\u00f3wnej Handlowej w\u00a0Warszawie odby\u0142o si\u0119 wydarzenie po\u015bwi\u0119cone ochronie praw konsument\u00f3w. Eksperci Rzecznika om\u00f3wili, jak skutecznie chroni\u0107 si\u0119 przed\u00a0zagro\u017ceniami na\u00a0rynku finansowym, ze\u00a0szczeg\u00f3lnym uwzgl\u0119dnieniem potrzeb senior\u00f3w, kt\u00f3rzy\u00a0otrzymali praktyczne porady dotycz\u0105ce bezpiecze\u0144stwa finansowego.<\/p>\n<p>W\u00a0trakcie spotkania poruszono m.in.\u00a0takie zagadnienia jak:<\/p>\n<ul>\n<li>nieautoryzowane transakcje p\u0142atnicze,<\/li>\n<\/ul>\n<ul>\n<li>najwa\u017cniejsze uprawnienia klient\u00f3w bank\u00f3w,<\/li>\n<\/ul>\n<ul>\n<li>dost\u0119pno\u015b\u0107 us\u0142ug finansowych dla os\u00f3b z niepe\u0142nosprawno\u015bciami.<\/li>\n<\/ul>\n<p>&nbsp;<\/p>\n      <\/div>\n    <\/div>\n  <\/div>\n\n  \n  <div class=\"accordion-item\">\n    <div class=\"accordion-header\" id=\"headingOneblock_880b5edacfce6f46e2611dc86c40615211\">\n      <button class=\"accordion-button blue_btn collapsed\" type=\"button\" data-bs-toggle=\"collapse\" data-bs-target=\"#collapseOneblock_880b5edacfce6f46e2611dc86c40615211\" aria-expanded=\"false\" aria-controls=\"collapseOneblock_880b5edacfce6f46e2611dc86c40615211\">\n        <span class=\"blk_num\">12.<\/span> \u0141\u00f3d\u017a, Uniwersytet \u0141\u00f3dzki      <\/button>\n    <\/div>\n    <div id=\"collapseOneblock_880b5edacfce6f46e2611dc86c40615211\" class=\"accordion-collapse collapse\" data-bs-parent=\"#accordionExample\" >\n      <div class=\"accordion-body\">\n      <p>Kolejne spotkanie z\u00a0cyklu Dni Rzecznika Finansowego odby\u0142o si\u0119 20 listopada na\u00a0Wydziale Ekonomiczno-Socjologicznym Uniwersytetu \u0141\u00f3dzkiego. Wydarzenie otworzy\u0142a dyr.\u00a0Instytutu Finans\u00f3w prof.\u00a0Anna Szyma\u0144ska wraz z\u00a0dziekanem wydzia\u0142u prof.\u00a0Mariuszem Soko\u0142owiczem, a\u00a0ca\u0142o\u015b\u0107 Dnia Rzecznika Finansowego na\u00a0Uniwersytecie \u0141\u00f3dzkim koordynowali cz\u0142onkowie Doradczego Komitetu Naukowego przy Rzeczniku Finansowym: prof.\u00a0Iwona Czechowska wraz z\u00a0prof.\u00a0Jerzym Gajdk\u0105. Podczas pierwszego panelu Mateusz Krzak, Maciej Pr\u00f3chnicki i\u00a0Bartosz Taperek (Departament Edukacji i\u00a0Komunikacji) przedstawili zebranym \u2013 licznie zgromadzonym studentom (ok. 200 os\u00f3b), pracownikom i\u00a0go\u015bciom uczelni \u2013 instytucj\u0119 Rzecznika Finansowego oraz\u00a0formy pomocy klientom rynku finansowego, kt\u00f3re zapewnia Biuro Rzecznika Finansowego. W\u00a0dalszej cz\u0119\u015bci spotkania, dyrektor Departamentu Klienta Bankowego i\u00a0Kapita\u0142owego r.pr. Dawid Rapkiewicz zaprezentowa\u0142 regulacje prawne dotycz\u0105ce nieautoryzowanych transakcji p\u0142atniczych, ilustruj\u0105c swoj\u0105 prezentacj\u0119 praktycznymi kazusami oraz\u00a0wskaz\u00f3wkami, jak nie\u00a0da\u0107 si\u0119 oszuka\u0107. W\u00a0panelu drugim, pracownicy Rzecznika Finansowego mieli okazj\u0119 podzieli\u0107 si\u0119 swoj\u0105 wiedz\u0105 ze\u00a0s\u0142uchaczami Akademii Seniora Activus. Dr\u00a0Andrzej Stopczy\u0144ski (Departament Analiz i\u00a0Legislacji) przedstawi\u0142 uczestnikom prezentacj\u0119 pt.\u00a0\u201eWyzwania i\u00a0problemy wsp\u00f3\u0142czesnej bankowo\u015bci\u201d, w\u00a0przyst\u0119pny spos\u00f3b t\u0142umacz\u0105c zawi\u0142o\u015bci systemu bankowego. Po\u00a0wyst\u0105pieniach odby\u0142a si\u0119 \u017cywa dyskusja z\u00a0udzia\u0142em zgromadzonych licznie s\u0142uchaczy.<\/p>\n      <\/div>\n    <\/div>\n  <\/div>\n\n  \n  <div class=\"accordion-item\">\n    <div class=\"accordion-header\" id=\"headingOneblock_880b5edacfce6f46e2611dc86c40615212\">\n      <button class=\"accordion-button blue_btn collapsed\" type=\"button\" data-bs-toggle=\"collapse\" data-bs-target=\"#collapseOneblock_880b5edacfce6f46e2611dc86c40615212\" aria-expanded=\"false\" aria-controls=\"collapseOneblock_880b5edacfce6f46e2611dc86c40615212\">\n        <span class=\"blk_num\">13.<\/span> Krak\u00f3w, Uniwersytet Ekonomiczny w\u00a0Krakowie      <\/button>\n    <\/div>\n    <div id=\"collapseOneblock_880b5edacfce6f46e2611dc86c40615212\" class=\"accordion-collapse collapse\" data-bs-parent=\"#accordionExample\" >\n      <div class=\"accordion-body\">\n      <p>14 listopada 2024\u00a0r. na\u00a0Uniwersytecie Ekonomicznym w\u00a0Krakowie odby\u0142o si\u0119 kolejne spotkanie z\u00a0cyklu Dni Rzecznika Finansowego. Po\u00a0uroczystym otwarciu Dnia Rzecznika Finansowego przez\u00a0Prorektora UEK ds.\u00a0Nauki, prof.\u00a0dr. hab. S\u0142awomira \u015amiecha, kr\u00f3tkie powitalne przem\u00f3wienia podkre\u015blaj\u0105ce rol\u0119 instytucji Rzecznika Finansowego oraz\u00a0jego dzia\u0142alno\u015bci edukacyjnej wyg\u0142osi\u0142y dr\u00a0hab. Monika Szaraniec, prof.\u00a0UEK, oraz\u00a0prof.\u00a0dr\u00a0hab. Wanda Su\u0142kowska, cz\u0142onkinie Doradczego Komitetu Naukowego przy Rzeczniku Finansowym.<\/p>\n<p>W\u00a0ramach pierwszej prelekcji zesp\u00f3\u0142 Departamentu Edukacji i\u00a0Komunikacji \u2013 Ada Jurczak-\u0141owkis, dr\u00a0Micha\u0142 O\u017c\u00f3g, dr\u00a0Maciej Pr\u00f3chnicki oraz\u00a0Miko\u0142aj Soko\u0142owski \u2013 przedstawi\u0142 pozycj\u0119 Rzecznika Finansowego na\u00a0tle innych instytucji ochrony konsumenta w\u00a0Polsce, wskazuj\u0105c jego najwa\u017cniejsze kompetencje. W\u00a0ramach prelekcji przedstawiono tak\u017ce inicjatywy edukacyjne, w\u00a0szczeg\u00f3lno\u015bci te\u00a0kierowane do\u00a0student\u00f3w.<\/p>\n<p>Po\u00a0kr\u00f3tkiej przerwie Pawe\u0142 Rokosz (Departament Pozas\u0105dowego Rozwi\u0105zywania Spor\u00f3w) przedstawi\u0142 najwa\u017cniejsze cechy post\u0119powania pozas\u0105dowego przy Rzeczniku Finansowym, jego zalety z\u00a0punktu widzenia tak\u00a0klient\u00f3w, jak i\u00a0podmiot\u00f3w rynku finansowego, a\u00a0tak\u017ce dane statystyczne dotycz\u0105ce spor\u00f3w na\u00a0rynku finansowym.<\/p>\n<p>Kolejn\u0105 prelekcj\u0119 poprowadzi\u0142a Agnieszka Maj (Departament Klienta Rynku Ubezpieczeniowo-Emerytalnego), kt\u00f3ra\u00a0poruszy\u0142a temat deklaracji ryzyka w\u00a0umowie ubezpieczenia na\u00a0\u017cycie oraz\u00a0przedstawi\u0142a, jakie postanowienia umowne maj\u0105 charakter abuzywny. Prelekcja opiera\u0142a si\u0119 na\u00a0przyk\u0142adach zaczerpni\u0119tcyh z\u00a0praktyki dzia\u0142alno\u015bci Rzecznika Finansowego.<\/p>\n<p>Ostatnie wyst\u0105pienie w\u00a0ramach g\u0142\u00f3wnej cz\u0119\u015bci Dnia Rzecznika Finansowego wyg\u0142osi\u0142 dr\u00a0\u0141ukasz Walter (Departament Klienta Rynku Bankowego i\u00a0Kapita\u0142owego), kt\u00f3ry\u00a0pokaza\u0142 s\u0142uchaczom, w\u00a0jaki spos\u00f3b mo\u017cna skutecznie zabezpieczy\u0107 si\u0119 przed\u00a0oszustwami i\u00a0wy\u0142udzeniami, a\u00a0tak\u017ce opowiedzia\u0142 co\u00a0robi\u0107, gdy\u00a0utracimy \u015brodki pieni\u0119\u017cne w\u00a0wyniku oszustwa i\u00a0w\u00a0jaki spos\u00f3b Rzecznik Finansowy mo\u017ce pom\u00f3c w\u00a0takiej sytuacji.<\/p>\n<p>Wydarzenie uzupe\u0142ni\u0142o spotkanie dla Uniwersytetu Trzeciego Wieku dzia\u0142aj\u0105cego przy Uniwersytecie Ekonomicznym w\u00a0Krakowie. Obecni na\u00a0wydarzeniu przedstawiciele Rzecznika Finansowego przybli\u017cyli zgromadzonym obszary dzia\u0142ania Rzecznika Finansowego, a\u00a0tak\u017ce om\u00f3wili przyk\u0142adowe problemy, jakie napotykaj\u0105 konsumenci w\u00a0zwi\u0105zku z\u00a0us\u0142ugami bankowymi i\u00a0ubezpieczeniowymi, przedstawiaj\u0105c mo\u017cliwo\u015bci pomocy oferowane przez\u00a0Biuro Rzecznika Finansowego.<\/p>\n<p>Wyst\u0105pienia w\u00a0ramach Dnia Rzecznika Finansowego na\u00a0Uniwersytecie Ekonomicznym w\u00a0Krakowie zgromadzi\u0142y liczn\u0105 publiczno\u015b\u0107 w\u015br\u00f3d student\u00f3w, pracownik\u00f3w naukowych uczelni oraz\u00a0s\u0142uchaczy Uniwersytetu Trzeciego Wieku, aktywnie uczestnicz\u0105cych w\u00a0dyskusjach dotycz\u0105cych praktycznych problem\u00f3w, z\u00a0kt\u00f3rymi na\u00a0co\u00a0dzie\u0144 spotykaj\u0105 si\u0119 klienci rynku finansowego.<\/p>\n<p>Wydarzenie zosta\u0142o zorganizowane w\u00a0ramach Roku Edukacji Ekonomicznej.<\/p>\n      <\/div>\n    <\/div>\n  <\/div>\n\n  \n  <div class=\"accordion-item\">\n    <div class=\"accordion-header\" id=\"headingOneblock_880b5edacfce6f46e2611dc86c40615213\">\n      <button class=\"accordion-button blue_btn collapsed\" type=\"button\" data-bs-toggle=\"collapse\" data-bs-target=\"#collapseOneblock_880b5edacfce6f46e2611dc86c40615213\" aria-expanded=\"false\" aria-controls=\"collapseOneblock_880b5edacfce6f46e2611dc86c40615213\">\n        <span class=\"blk_num\">14.<\/span> Pozna\u0144, Uniwersytet Ekonomiczny w\u00a0Poznaniu      <\/button>\n    <\/div>\n    <div id=\"collapseOneblock_880b5edacfce6f46e2611dc86c40615213\" class=\"accordion-collapse collapse\" data-bs-parent=\"#accordionExample\" >\n      <div class=\"accordion-body\">\n      <p>W\u00a0dniu 18 listopada na\u00a0Uniwersytecie Ekonomicznym w\u00a0Poznaniu odby\u0142o si\u0119 kolejne wydarzenie z\u00a0cyklu Dni Rzecznika Finansowego, organizowanych w\u00a0ramach Roku Edukacji Ekonomicznej. Dzie\u0144 Rzecznika Finansowego otworzy\u0142 prof.\u00a0Krzysztof Waliszewski, cz\u0142onek Doradczego Komitetu Naukowego przy Rzeczniku Finansowym, podkre\u015blaj\u0105c znaczenie edukacji finansowej i\u00a0\u015bwiadomo\u015bci praw konsument\u00f3w w\u00a0dzisiejszym \u015bwiecie.<\/p>\n<p>W\u00a0ramach wydarzenia zorganizowano spotkania skierowane do\u00a0r\u00f3\u017cnych grup odbiorc\u00f3w. Podczas pierwszego panelu, studenci mieli okazj\u0119 zapozna\u0107 si\u0119 z\u00a0tematyk\u0105 ubezpiecze\u0144 turystycznych. Prelekcj\u0119 poprowadzi\u0142a dr\u00a0Marta Karpi\u0144ska-Bielec z\u00a0Departamentu Analiz i\u00a0Legislacji, kt\u00f3ra\u00a0przedstawi\u0142a zebranych wiele praktycznych porad dotycz\u0105cych tego rodzaju ubezpiecze\u0144.<\/p>\n<p>W\u00a0czasie drugiej prelekcji , kt\u00f3ra\u00a0zosta\u0142a poprowadzona przez\u00a0Miko\u0142aja Soko\u0142owskiego i\u00a0Ad\u0119 Jurczak-\u0141owkis (Departament Edukacji i\u00a0Komunikacji), pracownicy i\u00a0emerytowani pracownicy uczelni mieli okazj\u0119 dowiedzie\u0107 si\u0119 o\u00a0dzia\u0142alno\u015bci Rzecznika Finansowego i\u00a0pozna\u0107 podstawowe formy pomocy, kt\u00f3re zapewnia Biuro Rzecznika Finansowego.<\/p>\n<p>Trzeci punkt programu adresowany by\u0142 do\u00a0rodzic\u00f3w dzieci uczestnicz\u0105cych w\u00a0Uniwersytecie Dzieci\u0119cym. W\u00a0ramach wyk\u0142adu om\u00f3wiono rol\u0119 Rzecznika Finansowego jako organu pomocy konsumentom a\u00a0tak\u017ce przedstawiono prezentacj\u0119 dotycz\u0105c\u0105 dost\u0119pno\u015bci us\u0142ug bankowych.<\/p>\n<p>Dzie\u0144 Rzecznika Finansowego na\u00a0Uniwersytetcie Ekonomicznym w\u00a0Poznaniu spotka\u0142 si\u0119 z\u00a0du\u017cym zainteresowaniem i\u00a0stanowi\u0142y warto\u015bciow\u0105 platform\u0119 wymiany wiedzy oraz\u00a0do\u015bwiadcze\u0144. Po\u00a0wszystkich wyst\u0105pieniach odby\u0142a si\u0119 \u017cywa dyskusja z\u00a0udzia\u0142em zgromadzonych licznie r\u00f3\u017cnych grup s\u0142uchaczy.<\/p>\n      <\/div>\n    <\/div>\n  <\/div>\n\n  \n  <div class=\"accordion-item\">\n    <div class=\"accordion-header\" id=\"headingOneblock_880b5edacfce6f46e2611dc86c40615214\">\n      <button class=\"accordion-button blue_btn collapsed\" type=\"button\" data-bs-toggle=\"collapse\" data-bs-target=\"#collapseOneblock_880b5edacfce6f46e2611dc86c40615214\" aria-expanded=\"false\" aria-controls=\"collapseOneblock_880b5edacfce6f46e2611dc86c40615214\">\n        <span class=\"blk_num\">15.<\/span> \u0141ask, Zesp\u00f3\u0142 Szk\u00f3\u0142 Og\u00f3lnokszta\u0142c\u0105cych im.\u00a0Ignacego Jana Paderewskiego       <\/button>\n    <\/div>\n    <div id=\"collapseOneblock_880b5edacfce6f46e2611dc86c40615214\" class=\"accordion-collapse collapse\" data-bs-parent=\"#accordionExample\" >\n      <div class=\"accordion-body\">\n      <p>19 listopada w\u00a0Zespole Szk\u00f3\u0142 Og\u00f3lnokszta\u0142c\u0105cych im.\u00a0Ignacego Jana Paderewskiego w\u00a0\u0141asku \u2013 Kolumnie odby\u0142o si\u0119 spotkanie z\u00a0pracownikami Biura Rzecznika Finansowego, organizowane w\u00a0ramach Dni Rzecznika Finansowego. Dzi\u0119ki uprzejmo\u015bci p.\u00a0dyrektor Agnieszki Wolskiej, a\u00a0tak\u017ce przy wsp\u00f3\u0142pracy ze\u00a0Stowarzyszeniem Nasza Kolumna reprezentowanym przez\u00a0prof.\u00a0Les\u0142awa G\u00f3rala \u2013 cz\u0142onka Doradczego Komitetu Naukowego przy Rzeczniku Finansowym, pracownicy Departamentu Edukacji i\u00a0Komunikacji: Mateusz Krzak, Maciej Pr\u00f3chnicki oraz\u00a0Bartosz Taperek przedstawili uczniom instytucj\u0119 Rzecznika Finansowego oraz\u00a0formy pomocy klientom rynku finansowego, kt\u00f3re zapewnia Biuro Rzecznika Finansowego. Ponadto, zaprezentowane zosta\u0142y dzia\u0142ania edukacyjne podejmowane przez\u00a0Biuro Rzecznika Finansowego.<\/p>\n      <\/div>\n    <\/div>\n  <\/div>\n\n  \n  <div class=\"accordion-item\">\n    <div class=\"accordion-header\" id=\"headingOneblock_880b5edacfce6f46e2611dc86c40615215\">\n      <button class=\"accordion-button blue_btn collapsed\" type=\"button\" data-bs-toggle=\"collapse\" data-bs-target=\"#collapseOneblock_880b5edacfce6f46e2611dc86c40615215\" aria-expanded=\"false\" aria-controls=\"collapseOneblock_880b5edacfce6f46e2611dc86c40615215\">\n        <span class=\"blk_num\">16.<\/span> Wroc\u0142aw, Uniwersytet Wroc\u0142awski oraz\u00a0Uniwersytet Ekonomiczny we\u00a0Wroc\u0142awiu      <\/button>\n    <\/div>\n    <div id=\"collapseOneblock_880b5edacfce6f46e2611dc86c40615215\" class=\"accordion-collapse collapse\" data-bs-parent=\"#accordionExample\" >\n      <div class=\"accordion-body\">\n      <p>Fina\u0142owe wydarzenia z\u00a0cyklu Dni Rzecznika Finansowego, organizowanych w\u00a0ramach Roku Edukacji Ekonomicznej, odby\u0142y si\u0119 w\u00a0dniach 2\u20133 grudnia 2024\u00a0r. we\u00a0Wroc\u0142awiu, r\u00f3wnolegle na\u00a0dw\u00f3ch uczelniach: Uniwersytecie Wroc\u0142awskim oraz\u00a0Uniwersytecie Ekonomicznym we\u00a0Wroc\u0142awiu. W\u00a0ich organizacj\u0119 zaanga\u017cowani byli cz\u0142onkowie Doradczego Komitetu Naukowego: prof.\u00a0Edyta Rutkowska Tomaszewska i\u00a0prof.\u00a0Patrycja Zawadzka (UWr) oraz\u00a0prof.\u00a0Krzysztof Jajuga i\u00a0prof.\u00a0Robert Kurek (UEW).<\/p>\n<p>Pracownicy Biura RF\u00a0wzi\u0119li czynny udzia\u0142 w\u00a0obu wydarzeniach. Dni RF\u00a0na\u00a0Uniwersytecie Wroc\u0142awskim po\u0142\u0105czone zosta\u0142y z\u00a0konferencj\u0105 naukow\u0105 \u201eFinanse konsumenckie i\u00a0egzekwowanie ochrony konsumenta na\u00a0rynku finansowym. Prawo \u2013 Problemy \u2013 Praktyka\u201d. Na\u00a0obu uczelniach pracownicy Biura Rzecznika Finansowego przestawili bogaty program wyk\u0142ad\u00f3w.<\/p>\n<p>Zesp\u00f3\u0142 Departamentu Edukacji i\u00a0Komunikacji przedstawi\u0142 dzia\u0142ania edukacyjne oraz\u00a0formy pomocy klientom rynku finansowego oferowane przez\u00a0Biuro Rzecznika Finansowego. Dariusz Kowalski (Departament Klienta Rynku Bankowego i\u00a0Kapita\u0142owego) opowiedzia\u0142 zebranym o\u00a0nieautoryzowanych transakcjach p\u0142atniczych, wskazuj\u0105c najwa\u017cniejsze regulacje oraz\u00a0podaj\u0105c praktyczne porady, jak unikn\u0105\u0107 r\u00f3\u017cnego rodzaju oszustw i\u00a0scam\u00f3w. Sylwia Nowaczyk (Departament Pozas\u0105dowego Rozwi\u0105zywania Spor\u00f3w) wyt\u0142umaczy\u0142a na\u00a0czym polegaj\u0105 alternatywne metody rozwi\u0105zywania spor\u00f3w oraz\u00a0w\u00a0jaki spos\u00f3b dzia\u0142a post\u0119powanie pozas\u0105dowe przy Rzeczniku Finansowym, wskazuj\u0105c na\u00a0efektywno\u015b\u0107 tego rodzaju post\u0119powa\u0144, kt\u00f3r\u0105 pokazuj\u0105 statystyki. Marta Karpi\u0144ska-Bielec (Departament Analiz i\u00a0Legislacji) przedstawi\u0142a problematyk\u0119 ubezpiecze\u0144 turystycznych, zwracaj\u0105c uwag\u0119 na\u00a0najwa\u017cniejsze kwestie praktyczne zwi\u0105zane z\u00a0tym rodzajem ubezpiecze\u0144.<\/p>\n<p>Prelekcjom i\u00a0wyk\u0142adom wyg\u0142oszonym przez\u00a0pracownik\u00f3w Biura Rzecznika Finansowego towarzyszy\u0142y liczne wyk\u0142ady innych zaproszonych go\u015bci, reprezentuj\u0105cych m.in.\u00a0\u015brodowisko akademickie \u2013 w\u00a0tym ko\u0142a naukowe, samorz\u0105dy zawodowe, wymiar sprawiedliwo\u015bci i\u00a0organy ochrony konsumenta, a\u00a0tak\u017ce organizacje pozarz\u0105dowe. Szczeg\u00f3\u0142owy program wydarze\u0144 na\u00a0obu uczelniach mo\u017cna znale\u017a\u0107 odpowiednio pod\u00a0adresem\u00a0<a title=\"Link otworzy si\u0119 w nowej karcie przegl\u0105darki\" href=\"https:\/\/prawo.uni.wroc.pl\/node\/51317\" target=\"_blank\" rel=\"noopener\">https:\/\/prawo.uni.wroc.pl\/node\/51317<\/a>\u00a0oraz\u00a0<a title=\"Link otworzy si\u0119 w nowej karcie przegl\u0105darki\" href=\"https:\/\/uew.pl\/dni-rzecznika-finansowego\/\" target=\"_blank\" rel=\"noopener\">https:\/\/uew.pl\/dni-rzecznika-finansowego\/<\/a><\/p>\n      <\/div>\n    <\/div>\n  <\/div>\n\n  \n<\/div>\n<\/div>\n\n<div class=\"space_40\"><\/div>\n<\/div>\n\n\n\n<h2 class=\"wp-block-heading\"><strong>Lekcje o finansach<\/strong><\/h2>\n\n\n\n\n\n<div class=\"\">\n\n\n\n<div class=\"accordion_faq_blue\">\n<div class=\"accordion\" id=\"accordionExample\">\n\n\n  <div class=\"accordion-item\">\n    <div class=\"accordion-header\" id=\"headingOneblock_2d1eab72ba7bad10c212d2aeb526def40\">\n      <button class=\"accordion-button blue_btn collapsed\" type=\"button\" data-bs-toggle=\"collapse\" data-bs-target=\"#collapseOneblock_2d1eab72ba7bad10c212d2aeb526def40\" aria-expanded=\"false\" aria-controls=\"collapseOneblock_2d1eab72ba7bad10c212d2aeb526def40\">\n        <span class=\"blk_num\">1.<\/span> Szko\u0142a Podstawowa nr 82 w Warszawie, 19.03.2024       <\/button>\n    <\/div>\n    <div id=\"collapseOneblock_2d1eab72ba7bad10c212d2aeb526def40\" class=\"accordion-collapse collapse\" data-bs-parent=\"#accordionExample\" >\n      <div class=\"accordion-body\">\n            <\/div>\n    <\/div>\n  <\/div>\n\n  \n  <div class=\"accordion-item\">\n    <div class=\"accordion-header\" id=\"headingOneblock_2d1eab72ba7bad10c212d2aeb526def41\">\n      <button class=\"accordion-button blue_btn collapsed\" type=\"button\" data-bs-toggle=\"collapse\" data-bs-target=\"#collapseOneblock_2d1eab72ba7bad10c212d2aeb526def41\" aria-expanded=\"false\" aria-controls=\"collapseOneblock_2d1eab72ba7bad10c212d2aeb526def41\">\n        <span class=\"blk_num\">2.<\/span> ZS w Kr\u00f3likowie, 27.09.2024       <\/button>\n    <\/div>\n    <div id=\"collapseOneblock_2d1eab72ba7bad10c212d2aeb526def41\" class=\"accordion-collapse collapse\" data-bs-parent=\"#accordionExample\" >\n      <div class=\"accordion-body\">\n            <\/div>\n    <\/div>\n  <\/div>\n\n  \n  <div class=\"accordion-item\">\n    <div class=\"accordion-header\" id=\"headingOneblock_2d1eab72ba7bad10c212d2aeb526def42\">\n      <button class=\"accordion-button blue_btn collapsed\" type=\"button\" data-bs-toggle=\"collapse\" data-bs-target=\"#collapseOneblock_2d1eab72ba7bad10c212d2aeb526def42\" aria-expanded=\"false\" aria-controls=\"collapseOneblock_2d1eab72ba7bad10c212d2aeb526def42\">\n        <span class=\"blk_num\">3.<\/span>  Zesp\u00f3\u0142 Szk\u00f3\u0142 w D\u0105br\u00f3wkach, 11.10.2024       <\/button>\n    <\/div>\n    <div id=\"collapseOneblock_2d1eab72ba7bad10c212d2aeb526def42\" class=\"accordion-collapse collapse\" data-bs-parent=\"#accordionExample\" >\n      <div class=\"accordion-body\">\n            <\/div>\n    <\/div>\n  <\/div>\n\n  \n  <div class=\"accordion-item\">\n    <div class=\"accordion-header\" id=\"headingOneblock_2d1eab72ba7bad10c212d2aeb526def43\">\n      <button class=\"accordion-button blue_btn collapsed\" type=\"button\" data-bs-toggle=\"collapse\" data-bs-target=\"#collapseOneblock_2d1eab72ba7bad10c212d2aeb526def43\" aria-expanded=\"false\" aria-controls=\"collapseOneblock_2d1eab72ba7bad10c212d2aeb526def43\">\n        <span class=\"blk_num\">4.<\/span> Zesp\u00f3\u0142 Szk\u00f3\u0142 w D\u0105br\u00f3wkach, 18.10.2024       <\/button>\n    <\/div>\n    <div id=\"collapseOneblock_2d1eab72ba7bad10c212d2aeb526def43\" class=\"accordion-collapse collapse\" data-bs-parent=\"#accordionExample\" >\n      <div class=\"accordion-body\">\n            <\/div>\n    <\/div>\n  <\/div>\n\n  \n  <div class=\"accordion-item\">\n    <div class=\"accordion-header\" id=\"headingOneblock_2d1eab72ba7bad10c212d2aeb526def44\">\n      <button class=\"accordion-button blue_btn collapsed\" type=\"button\" data-bs-toggle=\"collapse\" data-bs-target=\"#collapseOneblock_2d1eab72ba7bad10c212d2aeb526def44\" aria-expanded=\"false\" aria-controls=\"collapseOneblock_2d1eab72ba7bad10c212d2aeb526def44\">\n        <span class=\"blk_num\">5.<\/span>  ZSWP w Kobylnikach, 07.11.2024       <\/button>\n    <\/div>\n    <div id=\"collapseOneblock_2d1eab72ba7bad10c212d2aeb526def44\" class=\"accordion-collapse collapse\" data-bs-parent=\"#accordionExample\" >\n      <div class=\"accordion-body\">\n            <\/div>\n    <\/div>\n  <\/div>\n\n  \n  <div class=\"accordion-item\">\n    <div class=\"accordion-header\" id=\"headingOneblock_2d1eab72ba7bad10c212d2aeb526def45\">\n      <button class=\"accordion-button blue_btn collapsed\" type=\"button\" data-bs-toggle=\"collapse\" data-bs-target=\"#collapseOneblock_2d1eab72ba7bad10c212d2aeb526def45\" aria-expanded=\"false\" aria-controls=\"collapseOneblock_2d1eab72ba7bad10c212d2aeb526def45\">\n        <span class=\"blk_num\">6.<\/span> Szko\u0142a Podstawowa w \u0141aziskach, 15.11.2024       <\/button>\n    <\/div>\n    <div id=\"collapseOneblock_2d1eab72ba7bad10c212d2aeb526def45\" class=\"accordion-collapse collapse\" data-bs-parent=\"#accordionExample\" >\n      <div class=\"accordion-body\">\n            <\/div>\n    <\/div>\n  <\/div>\n\n  \n<\/div>\n<\/div>\n\n<div class=\"space_40\"><\/div>\n<\/div>\n\n\n\n<h2 class=\"wp-block-heading\"><strong>Konferencje Rzecznika Finansowego<\/strong><\/h2>\n\n\n\n\n\n<div class=\"\">\n\n\n\n<div class=\"accordion_faq_blue\">\n<div class=\"accordion\" id=\"accordionExample\">\n\n\n  <div class=\"accordion-item\">\n    <div class=\"accordion-header\" id=\"headingOneblock_4fdfcd9cadf1747362fc250eb15ee1d60\">\n      <button class=\"accordion-button blue_btn collapsed\" type=\"button\" data-bs-toggle=\"collapse\" data-bs-target=\"#collapseOneblock_4fdfcd9cadf1747362fc250eb15ee1d60\" aria-expanded=\"false\" aria-controls=\"collapseOneblock_4fdfcd9cadf1747362fc250eb15ee1d60\">\n        <span class=\"blk_num\">1.<\/span> Konferencja \u201eDost\u0119pno\u015b\u0107 2025: wyzwania i perspektywy dla sektora finansowego\u201d      <\/button>\n    <\/div>\n    <div id=\"collapseOneblock_4fdfcd9cadf1747362fc250eb15ee1d60\" class=\"accordion-collapse collapse\" data-bs-parent=\"#accordionExample\" >\n      <div class=\"accordion-body\">\n      <p><!-- wp:paragraph --><\/p>\n<p>W dniu 30 stycznia 2025 r. odby\u0142a si\u0119 konferencja \u201e<strong>Dost\u0119pno\u015b\u0107 2025: wyzwania i perspektywy dla sektora finansowego <\/strong>organizowana przez Biuro Rzecznika Finansowego oraz <span class=\"html-span xdj266r x11i5rnm xat24cr x1mh8g0r xexx8yu x4uap5 x18d9i69 xkhd6sd x1hl2dhg x16tdsg8 x1vvkbs\"><span class=\"xt0psk2\"><span aria-describedby=\":Rl5ksiaj7ahtaql9laillkqismipapd5aq:\">Wydzia\u0142 Prawa i Administracji Uniwersytetu Szczeci\u0144skiego<\/span><\/span><\/span>.<\/p>\n<p>Wydarzenie po\u015bwi\u0119cone by\u0142o om\u00f3wieniu przygotowa\u0144 sektora finansowego do wdro\u017cenia Europejskiego Aktu o Dost\u0119pno\u015bci (EAA). Ustawa, kt\u00f3ra przenios\u0142a do polskiego prawa unijn\u0105 dyrektyw\u0119, wejdzie w \u017cycie 28 czerwca 2025 roku. Od tej daty podmioty gospodarcze b\u0119d\u0105 zobowi\u0105zane do spe\u0142niania wymaga\u0144 dost\u0119pno\u015bci dla oferowanych przez siebie produkt\u00f3w i us\u0142ug.<\/p>\n<p><!-- \/wp:paragraph --> <!-- wp:paragraph --><\/p>\n<p>W programie znalaz\u0142y si\u0119 panele dyskusyjne z udzia\u0142em przedstawicieli administracji publicznej, biznesu, organizacji pozarz\u0105dowych, regulator\u00f3w i podmiot\u00f3w nadzorowanych. Zaprezentowane zosta\u0142y tak\u017ce wyniki bada\u0144, ankiet oraz raport oceniaj\u0105cy obecny stan przygotowa\u0144 do wej\u015bcia w \u017cycia ustawy. Konferencja ma charakter og\u00f3lnopolski. Podczas wydarzenia byli dost\u0119pni <strong>t\u0142umacze Polskiego J\u0119zyka Migowego<\/strong>.<\/p>\n<p><strong>Link do transmisja online: <\/strong><a href=\"https:\/\/www.youtube.com\/live\/IY83S9msK30?si=4-uQvZ5qBLEElE5N\" target=\"_blank\" rel=\"noopener\">Konferencja \u201eDost\u0119pno\u015b\u0107 2025: wyzwania i perspektywy dla sektora finansowego\u201d<\/a><\/p>\n<p><strong>Podsumowanie Konferencji:<\/strong> <a href=\"https:\/\/rf.gov.pl\/podsumowanie-konferencji-dostepnosc-2025-wyzwania-i-perspektywy-dla-sektora-finansowego\/\">Komunikat Rzecznika Finansowego<\/a><\/p>\n<p><a href=\"https:\/\/www.gazetaprawna.pl\/patronaty\/artykuly\/9727302,dostepnosc-2025-wyzwania-i-perspektywy-dla-sektora-finansowego.html?fbclid=IwY2xjawIWrTZleHRuA2FlbQIxMAABHZgBSG4CIKsEC7PVQgEHmf3nrONn6KJnRKk24DiZXE8bvpBsZfHX9kM6ug_aem_v09_PSctOfcKK4th0g4fgg\" target=\"_blank\" rel=\"noopener\">Artyku\u0142 w Dziennik Gazeta Prawna: Podsumowanie Konferencji<\/a><\/p>\n<p><!-- \/wp:paragraph --><\/p>\n      <\/div>\n    <\/div>\n  <\/div>\n\n  \n  <div class=\"accordion-item\">\n    <div class=\"accordion-header\" id=\"headingOneblock_4fdfcd9cadf1747362fc250eb15ee1d61\">\n      <button class=\"accordion-button blue_btn collapsed\" type=\"button\" data-bs-toggle=\"collapse\" data-bs-target=\"#collapseOneblock_4fdfcd9cadf1747362fc250eb15ee1d61\" aria-expanded=\"false\" aria-controls=\"collapseOneblock_4fdfcd9cadf1747362fc250eb15ee1d61\">\n        <span class=\"blk_num\">2.<\/span> Konferencja &#8220;Rynek konsumenckich us\u0142ug kredytowych w Polsce&#8221;      <\/button>\n    <\/div>\n    <div id=\"collapseOneblock_4fdfcd9cadf1747362fc250eb15ee1d61\" class=\"accordion-collapse collapse\" data-bs-parent=\"#accordionExample\" >\n      <div class=\"accordion-body\">\n      <p><!-- wp:paragraph --><\/p>\n<p>W dniach 12-13 grudnia 2024 r. odby\u0142a si\u0119 konferencja po\u015bwi\u0119cona problematyce kredytowej: <em><strong>Rynek konsumenckich us\u0142ug kredytowych w Polsce: prawo &#8211; praktyka &#8211; problemy &#8211; potrzeby &#8211; wyzwania<\/strong><\/em>, organizowana przez Biuro Rzecznika Finansowego oraz <a href=\"https:\/\/rf.gov.pl\/o-nas\/doradczy-komitet-naukowy\/\">Doradczy Komitet Naukowy<\/a>.<\/p>\n<p><!-- \/wp:paragraph --> <!-- wp:paragraph --><\/p>\n<p>Konferencja mia\u0142a charakter og\u00f3lnopolski, a jej celem by\u0142o zdiagnozowanie aktualnych problem\u00f3w na rynku konsumenckich us\u0142ug kredytowych oraz w zakresie egzekwowania ochrony konsumenta.<\/p>\n<p><!-- \/wp:paragraph --> <!-- wp:paragraph --><\/p>\n<p>W szczeg\u00f3lno\u015bci, w ramach obrad konferencyjnych by\u0142y poruszane nast\u0119puj\u0105ce kwestie:<\/p>\n<p><!-- \/wp:paragraph --> <!-- wp:list --><\/p>\n<ul>\n<li style=\"list-style-type: none;\">\n<ul><!-- wp:list-item --><\/p>\n<li>analiza przewidzianych instrument\u00f3w ochrony kredytobiorcy konsumenta, w tym tak\u017ce warunk\u00f3w kredytowania;<\/li>\n<\/ul>\n<\/li>\n<\/ul>\n<p><!-- \/wp:list-item --> <!-- wp:list-item --><\/p>\n<ul>\n<li style=\"list-style-type: none;\">\n<ul>\n<li>przegl\u0105d regulacji prawnych pod k\u0105tem ich skuteczno\u015bci oraz problem\u00f3w praktycznych w zakresie egzekwowania ochrony konsumenta-kredytobiorcy;<\/li>\n<\/ul>\n<\/li>\n<\/ul>\n<p><!-- \/wp:list-item --> <!-- wp:list-item --><\/p>\n<ul>\n<li style=\"list-style-type: none;\">\n<ul>\n<li>stwierdzone nadu\u017cycia na rynku konsumenckich us\u0142ug kredytowych i sposoby przeciwdzia\u0142ania im w przysz\u0142o\u015bci oraz narz\u0119dzia s\u0142u\u017c\u0105ce eliminowaniu ryzyka braku zgodno\u015bci.<\/li>\n<\/ul>\n<\/li>\n<\/ul>\n<p><!-- \/wp:list-item --><\/p>\n<p><!-- \/wp:list --> <!-- wp:paragraph --><\/p>\n<p>W konferencji udzia\u0142 wzi\u0119li przedstawiciele \u015brodowiska akademickiego, instytucji publicznych, organizacji konsumenckich, wymiaru sprawiedliwo\u015bci, miejskich i powiatowych rzecznik\u00f3w konsument\u00f3w, a tak\u017ce sektora bankowego.<\/p>\n<p><strong>Podsumowanie: <\/strong><a href=\"https:\/\/www.gazetaprawna.pl\/patronaty\/artykuly\/9696765,rynek-konsumenckich-uslug-kredytowych-w-polsce-prawo-praktyka-pro.html\" target=\"_blank\" rel=\"noopener\">Artyku\u0142 Podsumowanie Konferencji,\u00a0<\/a><\/p>\n<p><a href=\"https:\/\/rf.gov.pl\/akademia\/podsumowanie-konferencji-rynek-konsumenckich-uslug-kredytowych-w-polsce\/\">Komunikat Rzecznika Finansowego<\/a><\/p>\n<p><!-- \/wp:paragraph --><\/p>\n<p><strong>Link do transmisja online:<\/strong> <a href=\"https:\/\/www.youtube.com\/watch?v=Hzj-0djRbcQ\" target=\"_blank\" rel=\"noopener\">Konferencja &#8220;Rynek konsumenckich us\u0142ug kredytowych w Polsce&#8221; &#8211; dzie\u0144 pierwszy (12.12.2024)<\/a><\/p>\n<p><a href=\"https:\/\/www.youtube.com\/watch?v=noUqa4-k1UQ&amp;t=15982s\" target=\"_blank\" rel=\"noopener\">Konferencja &#8220;Rynek konsumenckich us\u0142ug kredytowych w Polsce&#8221; &#8211; dzie\u0144 drugi (13.12.2024)<\/a><\/p>\n<p>&nbsp;<\/p>\n      <\/div>\n    <\/div>\n  <\/div>\n\n  \n  <div class=\"accordion-item\">\n    <div class=\"accordion-header\" id=\"headingOneblock_4fdfcd9cadf1747362fc250eb15ee1d62\">\n      <button class=\"accordion-button blue_btn collapsed\" type=\"button\" data-bs-toggle=\"collapse\" data-bs-target=\"#collapseOneblock_4fdfcd9cadf1747362fc250eb15ee1d62\" aria-expanded=\"false\" aria-controls=\"collapseOneblock_4fdfcd9cadf1747362fc250eb15ee1d62\">\n        <span class=\"blk_num\">3.<\/span> Konferencja  \u201eWalutowe\u201d kredyty hipoteczne w \u015bwietle najnowszego orzecznictwa TSUE      <\/button>\n    <\/div>\n    <div id=\"collapseOneblock_4fdfcd9cadf1747362fc250eb15ee1d62\" class=\"accordion-collapse collapse\" data-bs-parent=\"#accordionExample\" >\n      <div class=\"accordion-body\">\n      <p>Biuro Rzecznika Finansowego, Przedstawicielstwo Komisji Europejskiej w\u00a0Polsce oraz\u00a0Naczelna Rada Adwokacka zorganizowa\u0142y 20 maja 2024\u00a0r. konferencj\u0119 pt.\u00a0\u00a0<em><strong>\u201eWalutowe\u201d kredyty hipoteczne w\u00a0\u015bwietle najnowszego orzecznictwa TSUE<\/strong>,\u00a0<\/em>dotycz\u0105c\u0105 tematyki kredyt\u00f3w indeksowanych i\u00a0denominowanych do\u00a0waluty innej ni\u017c waluta polska. Zagadnienie to\u00a0analizowane by\u0142o w\u00a0kontek\u015bcie pogl\u0105d\u00f3w judykatury i\u00a0przedstawicieli doktryny. W\u00a0ramach wydarzenia zorganizowano trzy panele dyskusyjne, w\u00a0trakcie kt\u00f3rych\u00a0teoretycy oraz\u00a0praktycy, kt\u00f3rzy\u00a0na\u00a0co\u00a0dzie\u0144 zajmuj\u0105 si\u0119 wspomnian\u0105 tematyk\u0105 prezentowali swoje opinie.<\/p>\n<p>W\u015br\u00f3d prelegent\u00f3w znale\u017ali si\u0119 przedstawiciele o\u015brodk\u00f3w akademickich, m.in.: Uniwersytetu Warszawskiego, Uniwersytetu Kardyna\u0142a Stefana Wyszy\u0144skiego, Uniwersytetu Wroc\u0142awskiego, Akademii Leona Ko\u017ami\u0144skiego, a\u00a0tak\u017ce przedstawiciel<a>\u00a0<\/a>Dyrekcji Generalnej ds.\u00a0Sprawiedliwo\u015bci i\u00a0Konsument\u00f3w w\u00a0Komisji Europejskiej, pe\u0142nomocnik Ministra Sprawiedliwo\u015bci ds.\u00a0ochrony konsument\u00f3w, jak r\u00f3wnie\u017c s\u0119dziowie i\u00a0do\u015bwiadczeni adwokaci.<\/p>\n<p><strong>Podsumowanie:<\/strong> <a href=\"https:\/\/rf.gov.pl\/podsumowanie-konferencji-pt-walutowe-kredyty-hipoteczne-w-swietle-najnowszego-orzecznictwa-tsue\/\">Podsumowanie konferencji pt. \u201eWalutowe\u201d kredyty hipoteczne w \u015bwietle najnowszego orzecznictwa TSUE &#8211; Rzecznik Finansowy<\/a><\/p>\n<p><strong>Link do transmisja online:<\/strong> <a href=\"https:\/\/www.youtube.com\/watch?v=Vnj_WGFtrVE&amp;t=12268s\" target=\"_blank\" rel=\"noopener\">Konferencja: \u201eWalutowe\u201d kredyty hipoteczne w \u015bwietle najnowszego orzecznictwa TSUE \u2013 20.05.2024 r<\/a><\/p>\n      <\/div>\n    <\/div>\n  <\/div>\n\n  \n  <div class=\"accordion-item\">\n    <div class=\"accordion-header\" id=\"headingOneblock_4fdfcd9cadf1747362fc250eb15ee1d63\">\n      <button class=\"accordion-button blue_btn collapsed\" type=\"button\" data-bs-toggle=\"collapse\" data-bs-target=\"#collapseOneblock_4fdfcd9cadf1747362fc250eb15ee1d63\" aria-expanded=\"false\" aria-controls=\"collapseOneblock_4fdfcd9cadf1747362fc250eb15ee1d63\">\n        <span class=\"blk_num\">4.<\/span> Konferencja &#8220;Pozas\u0105dowe rozwi\u0105zywanie spor\u00f3w na rynku finansowym \u2013 do\u015bwiadczenia, perspektywy i wyzwania na przysz\u0142o\u015b\u0107&#8221;      <\/button>\n    <\/div>\n    <div id=\"collapseOneblock_4fdfcd9cadf1747362fc250eb15ee1d63\" class=\"accordion-collapse collapse\" data-bs-parent=\"#accordionExample\" >\n      <div class=\"accordion-body\">\n      <p>W\u00a0dniu 28 listopada 2023\u00a0r. odby\u0142a si\u0119 konferencja Rzecznika Finansowego pt.\u00a0<strong><em>Pozas\u0105dowe rozwi\u0105zywanie spor\u00f3w na\u00a0rynku finansowym \u2013 do\u015bwiadczenia, perspektywy i\u00a0wyzwania na\u00a0przysz\u0142o\u015b\u0107<\/em><\/strong>. Wydarzenie zosta\u0142o przygotowane przez komitet organizacyjny z\u0142o\u017cony z pracownik\u00f3w Biura Rzecznika Finansowego z Departamentu Pozas\u0105dowego Rozwi\u0105zywania Spor\u00f3w oraz Departamentu Edukacji i Komunikacji we wsp\u00f3\u0142pracy z Przewodnicz\u0105c\u0105 Doradczego Komitetu Naukowego przy Rzeczniku Finansowym \u2013 dr hab. Edyt\u0105 Rutkowsk\u0105\u2013Tomaszewsk\u0105, prof. UWr. Program konferencji obejmowa\u0142 pi\u0119\u0107 paneli oraz dyskusj\u0119. Podczas wydarzenia zosta\u0142o om\u00f3wione funkcjonowanie pozas\u0105dowych metod rozwi\u0105zywania spor\u00f3w na rynku finansowym w Polsce oraz w wybranych krajach Europy.<\/p>\n<p><strong>Podsumowanie:<\/strong> <a href=\"https:\/\/rf.gov.pl\/podsumowanie-konferencji-rzecznika-finansowego-dotyczacej-adr\/\">Podsumowanie konferencji Rzecznika Finansowego dotycz\u0105cej ADR &#8211; Rzecznik Finansowy<\/a><\/p>\n<p><strong>Link do transmisja online:<\/strong> <a href=\"https:\/\/www.youtube.com\/watch?v=KwZC7QSANU4\" target=\"_blank\" rel=\"noopener\">Konferencja Rzecznika Finansowego 2023<\/a><\/p>\n      <\/div>\n    <\/div>\n  <\/div>\n\n  \n<\/div>\n<\/div>\n\n<div class=\"space_40\"><\/div>\n<\/div>\n\n\n\n<hr class=\"wp-block-separator has-alpha-channel-opacity\"\/>\n","protected":false},"excerpt":{"rendered":"<p>Zach\u0119camy do \u015bledzenia informacji o wydarzeniach edukacyjnych, kt\u00f3re regularnie organizujemy w r\u00f3\u017cnych miejscowo\u015bciach w Polsce.<\/p>\n","protected":false},"author":1,"featured_media":1519,"parent":0,"menu_order":0,"comment_status":"closed","ping_status":"closed","template":"page-templates\/template-inner-page.php","meta":{"_acf_changed":false,"inline_featured_image":false,"footnotes":"","_links_to":"","_links_to_target":""},"class_list":["post-146","page","type-page","status-publish","has-post-thumbnail","hentry"],"acf":[],"_links":{"self":[{"href":"https:\/\/rf.gov.pl\/akademia\/wp-json\/wp\/v2\/pages\/146","targetHints":{"allow":["GET"]}}],"collection":[{"href":"https:\/\/rf.gov.pl\/akademia\/wp-json\/wp\/v2\/pages"}],"about":[{"href":"https:\/\/rf.gov.pl\/akademia\/wp-json\/wp\/v2\/types\/page"}],"author":[{"embeddable":true,"href":"https:\/\/rf.gov.pl\/akademia\/wp-json\/wp\/v2\/users\/1"}],"replies":[{"embeddable":true,"href":"https:\/\/rf.gov.pl\/akademia\/wp-json\/wp\/v2\/comments?post=146"}],"version-history":[{"count":36,"href":"https:\/\/rf.gov.pl\/akademia\/wp-json\/wp\/v2\/pages\/146\/revisions"}],"predecessor-version":[{"id":1680,"href":"https:\/\/rf.gov.pl\/akademia\/wp-json\/wp\/v2\/pages\/146\/revisions\/1680"}],"wp:featuredmedia":[{"embeddable":true,"href":"https:\/\/rf.gov.pl\/akademia\/wp-json\/wp\/v2\/media\/1519"}],"wp:attachment":[{"href":"https:\/\/rf.gov.pl\/akademia\/wp-json\/wp\/v2\/media?parent=146"}],"curies":[{"name":"wp","href":"https:\/\/api.w.org\/{rel}","templated":true}]}}