   {"id":158,"date":"2024-02-20T09:58:24","date_gmt":"2024-02-20T08:58:24","guid":{"rendered":"https:\/\/rf.gov.pl\/akademia\/?page_id=158"},"modified":"2024-08-07T15:51:06","modified_gmt":"2024-08-07T13:51:06","slug":"faq","status":"publish","type":"page","link":"https:\/\/rf.gov.pl\/akademia\/faq\/","title":{"rendered":"Pytania i odpowiedzi"},"content":{"rendered":"\n\n\n<div class=\"\">\n\n\n\n<div class=\"accordion_faq_blue\">\n<div class=\"accordion\" id=\"accordionExample\">\n\n\n  <div class=\"accordion-item\">\n    <div class=\"accordion-header\" id=\"headingOneblock_685a2632575318aa40e75982479a83b10\">\n      <button class=\"accordion-button blue_btn collapsed\" type=\"button\" data-bs-toggle=\"collapse\" data-bs-target=\"#collapseOneblock_685a2632575318aa40e75982479a83b10\" aria-expanded=\"false\" aria-controls=\"collapseOneblock_685a2632575318aa40e75982479a83b10\">\n        <span class=\"blk_num\">1.<\/span> Czym jest Akademia Rzecznika Finansowego?      <\/button>\n    <\/div>\n    <div id=\"collapseOneblock_685a2632575318aa40e75982479a83b10\" class=\"accordion-collapse collapse\" data-bs-parent=\"#accordionExample\" >\n      <div class=\"accordion-body\">\n      <p>Akademia Rzecznika Finansowego to nowatorski system praktyk studenckich, przypominaj\u0105cy nieco aplikacj\u0119 prawnicz\u0105. Zaj\u0119cia w ramach Akademii maj\u0105 za zadanie przedstawi\u0107 specyfik\u0119 spraw zwi\u0105zanych z funkcjonowaniem podmiot\u00f3w rynku finansowego i ochron\u0105 klienta podmiot\u00f3w \u015bwiadcz\u0105cych us\u0142ugi na tym rynku.<\/p>\n<p>W szerszym sensie Akademia obejmuje ca\u0142okszta\u0142t dzia\u0142a\u0144 edukacyjnych prowadzonych przez Biuro Rzecznika Finansowego.<\/p>\n      <\/div>\n    <\/div>\n  <\/div>\n\n  \n  <div class=\"accordion-item\">\n    <div class=\"accordion-header\" id=\"headingOneblock_685a2632575318aa40e75982479a83b11\">\n      <button class=\"accordion-button blue_btn collapsed\" type=\"button\" data-bs-toggle=\"collapse\" data-bs-target=\"#collapseOneblock_685a2632575318aa40e75982479a83b11\" aria-expanded=\"false\" aria-controls=\"collapseOneblock_685a2632575318aa40e75982479a83b11\">\n        <span class=\"blk_num\">2.<\/span> Kiedy odb\u0119d\u0105 si\u0119 praktyki? Czy mog\u0119 wybra\u0107 termin?      <\/button>\n    <\/div>\n    <div id=\"collapseOneblock_685a2632575318aa40e75982479a83b11\" class=\"accordion-collapse collapse\" data-bs-parent=\"#accordionExample\" >\n      <div class=\"accordion-body\">\n      <p>W tym roku (2024) odbywaj\u0105 si\u0119 dwie edycje Akademii, w lipcu i sierpniu. Zaj\u0119cia w ramach ka\u017cdej z nich trwa\u0107 b\u0119d\u0105 ca\u0142y miesi\u0105c. Podczas przesy\u0142ania zg\u0142oszenia nale\u017cy wskaza\u0107 termin, kt\u00f3ry Ci\u0119 interesuje (lipiec albo sierpie\u0144).<\/p>\n<p>O organizacji praktyk w 2025 r. b\u0119dziemy informowa\u0107 na stronie internetowej.<\/p>\n      <\/div>\n    <\/div>\n  <\/div>\n\n  \n  <div class=\"accordion-item\">\n    <div class=\"accordion-header\" id=\"headingOneblock_685a2632575318aa40e75982479a83b12\">\n      <button class=\"accordion-button blue_btn collapsed\" type=\"button\" data-bs-toggle=\"collapse\" data-bs-target=\"#collapseOneblock_685a2632575318aa40e75982479a83b12\" aria-expanded=\"false\" aria-controls=\"collapseOneblock_685a2632575318aa40e75982479a83b12\">\n        <span class=\"blk_num\">3.<\/span> Kto b\u0119dzie prowadzi\u0142 zaj\u0119cia w ramach Akademii? Jaki b\u0119dzie jej program?      <\/button>\n    <\/div>\n    <div id=\"collapseOneblock_685a2632575318aa40e75982479a83b12\" class=\"accordion-collapse collapse\" data-bs-parent=\"#accordionExample\" >\n      <div class=\"accordion-body\">\n      <p>Program Akademii obejmuje tak zaj\u0119cia teoretyczne prowadzone przez specjalist\u00f3w \u2013 naukowc\u00f3w zajmuj\u0105cych si\u0119 naukami prawnymi i ekonomicznymi, jak i prawnik\u00f3w praktyk\u00f3w, reprezentuj\u0105cych r\u00f3\u017cne instytucje maj\u0105ce wp\u0142yw na kszta\u0142towanie stosunk\u00f3w prawnych na rynkach us\u0142ug finansowych. Cz\u0119\u015b\u0107 praktyczna obejmuje zadania zwi\u0105zane z dzia\u0142alno\u015bci\u0105 ekspert\u00f3w RF w zakresie rynk\u00f3w ubezpieczeniowo-emerytalnych, bankowo-kapita\u0142owych oraz pozas\u0105dowego rozwi\u0105zywania spor\u00f3w. Dok\u0142adny program zostanie przes\u0142any uczestnikom Akademii przed rozpocz\u0119ciem zaj\u0119\u0107.<\/p>\n      <\/div>\n    <\/div>\n  <\/div>\n\n  \n  <div class=\"accordion-item\">\n    <div class=\"accordion-header\" id=\"headingOneblock_685a2632575318aa40e75982479a83b13\">\n      <button class=\"accordion-button blue_btn collapsed\" type=\"button\" data-bs-toggle=\"collapse\" data-bs-target=\"#collapseOneblock_685a2632575318aa40e75982479a83b13\" aria-expanded=\"false\" aria-controls=\"collapseOneblock_685a2632575318aa40e75982479a83b13\">\n        <span class=\"blk_num\">4.<\/span> Do kogo jest skierowana Akademia? Co musz\u0119 zrobi\u0107, by wzi\u0105\u0107 w niej udzia\u0142 ?      <\/button>\n    <\/div>\n    <div id=\"collapseOneblock_685a2632575318aa40e75982479a83b13\" class=\"accordion-collapse collapse\" data-bs-parent=\"#accordionExample\" >\n      <div class=\"accordion-body\">\n      <p>Akademia skierowana jest w pierwszej kolejno\u015bci do os\u00f3b podejmuj\u0105cych studia prawnicze, jednak w edycji 2024 wprowadzili\u015bmy mo\u017cliwo\u015b\u0107 uczestnictwa dla os\u00f3b, kt\u00f3re studiuj\u0105 kierunki pokrewne. By wzi\u0105\u0107 udzia\u0142 w Akademii, nale\u017cy przes\u0142a\u0107 wiadomo\u015b\u0107 na adres akademia@rf.gov.pl, za\u0142\u0105czaj\u0105c kr\u00f3tkie CV, list motywacyjny oraz zgod\u0119 na przetwarzanie danych osobowych dla cel\u00f3w rekrutacji. Po zakwalifikowaniu do udzia\u0142u konieczne b\u0119dzie poinformowanie macierzystego wydzia\u0142u (w szczeg\u00f3lno\u015bci opiekuna praktyk).<\/p>\n      <\/div>\n    <\/div>\n  <\/div>\n\n  \n  <div class=\"accordion-item\">\n    <div class=\"accordion-header\" id=\"headingOneblock_685a2632575318aa40e75982479a83b14\">\n      <button class=\"accordion-button blue_btn collapsed\" type=\"button\" data-bs-toggle=\"collapse\" data-bs-target=\"#collapseOneblock_685a2632575318aa40e75982479a83b14\" aria-expanded=\"false\" aria-controls=\"collapseOneblock_685a2632575318aa40e75982479a83b14\">\n        <span class=\"blk_num\">5.<\/span> Nie studiuj\u0119 prawa \u2013 czy mog\u0119 wzi\u0105\u0107 udzia\u0142 w Akademii?      <\/button>\n    <\/div>\n    <div id=\"collapseOneblock_685a2632575318aa40e75982479a83b14\" class=\"accordion-collapse collapse\" data-bs-parent=\"#accordionExample\" >\n      <div class=\"accordion-body\">\n      <p>Tak, w tym roku (2024) Akademia jest otwarta tak\u017ce dla student\u00f3w innych kierunk\u00f3w, w szczeg\u00f3lno\u015bci ekonomicznych. Zaznaczamy jednak, \u017ce program obejmowa\u0107 b\u0119dzie g\u0142\u00f3wnie zagadnienia z zakresu prawnych mechanizm\u00f3w ochrony klient\u00f3w podmiot\u00f3w rynku finansowego.<\/p>\n      <\/div>\n    <\/div>\n  <\/div>\n\n  \n  <div class=\"accordion-item\">\n    <div class=\"accordion-header\" id=\"headingOneblock_685a2632575318aa40e75982479a83b15\">\n      <button class=\"accordion-button blue_btn collapsed\" type=\"button\" data-bs-toggle=\"collapse\" data-bs-target=\"#collapseOneblock_685a2632575318aa40e75982479a83b15\" aria-expanded=\"false\" aria-controls=\"collapseOneblock_685a2632575318aa40e75982479a83b15\">\n        <span class=\"blk_num\">6.<\/span> Jestem na drugim roku studi\u00f3w prawniczych \u2013 czy mog\u0119 wzi\u0105\u0107 udzia\u0142 w Akademii?      <\/button>\n    <\/div>\n    <div id=\"collapseOneblock_685a2632575318aa40e75982479a83b15\" class=\"accordion-collapse collapse\" data-bs-parent=\"#accordionExample\" >\n      <div class=\"accordion-body\">\n      <p>Pomimo faktu, \u017ce Akademia skierowana jest do bardziej do\u015bwiadczonych student\u00f3w, w wyj\u0105tkowych sytuacjach nie wykluczamy dopuszczenia student\u00f3w, kt\u00f3rzy uko\u0144czyli drugi rok studi\u00f3w, o ile uczelnia rekomenduje pozytywnie ich udzia\u0142 w Akademii. W tym celu prosimy o wcze\u015bniejszy kontakt poprzez wys\u0142anie wiadomo\u015bci na adres<a href=\"mailto:akademia@rf.gov.pl\"> akademia@rf.gov.pl<\/a>.<\/p>\n      <\/div>\n    <\/div>\n  <\/div>\n\n  \n  <div class=\"accordion-item\">\n    <div class=\"accordion-header\" id=\"headingOneblock_685a2632575318aa40e75982479a83b16\">\n      <button class=\"accordion-button blue_btn collapsed\" type=\"button\" data-bs-toggle=\"collapse\" data-bs-target=\"#collapseOneblock_685a2632575318aa40e75982479a83b16\" aria-expanded=\"false\" aria-controls=\"collapseOneblock_685a2632575318aa40e75982479a83b16\">\n        <span class=\"blk_num\">7.<\/span> Czy praktyki w ramach Akademii s\u0105 odp\u0142atne?      <\/button>\n    <\/div>\n    <div id=\"collapseOneblock_685a2632575318aa40e75982479a83b16\" class=\"accordion-collapse collapse\" data-bs-parent=\"#accordionExample\" >\n      <div class=\"accordion-body\">\n      <p>Praktyki s\u0105 nieodp\u0142atne. Zapewniamy jednak bezp\u0142atne noclegi dla student\u00f3w, kt\u00f3rzy nie mieszkaj\u0105 w Warszawie. Ponadto, przewidujemy mo\u017cliwo\u015b\u0107 nawi\u0105zania sta\u0142ej wsp\u00f3\u0142pracy z najlepszymi absolwentami Akademii.<\/p>\n<p><strong>Cz\u0119\u015b\u0107 os\u00f3b, kt\u00f3re uko\u0144czy\u0142y Akademi\u0119 w 2023 roku, pracuje teraz w Biurze Rzecznika Finansowego!<\/strong><\/p>\n      <\/div>\n    <\/div>\n  <\/div>\n\n  \n  <div class=\"accordion-item\">\n    <div class=\"accordion-header\" id=\"headingOneblock_685a2632575318aa40e75982479a83b17\">\n      <button class=\"accordion-button blue_btn collapsed\" type=\"button\" data-bs-toggle=\"collapse\" data-bs-target=\"#collapseOneblock_685a2632575318aa40e75982479a83b17\" aria-expanded=\"false\" aria-controls=\"collapseOneblock_685a2632575318aa40e75982479a83b17\">\n        <span class=\"blk_num\">8.<\/span> Studiuj\u0119 na warszawskiej uczelni, jednak w wakacje nie b\u0119d\u0119 mieszka\u0107 w Warszawie, czy mog\u0119 skorzysta\u0107 z bezp\u0142atnych nocleg\u00f3w?      <\/button>\n    <\/div>\n    <div id=\"collapseOneblock_685a2632575318aa40e75982479a83b17\" class=\"accordion-collapse collapse\" data-bs-parent=\"#accordionExample\" >\n      <div class=\"accordion-body\">\n      <p>Tak, istotne w tym zakresie jest miejsce zamieszkania, a nie studiowania. W razie pyta\u0144 prosimy o kontakt pod adresem:\u00a0<a href=\"mailto:akademia@rf.gov.pl\">akademia@rf.gov.pl<\/a>.<\/p>\n      <\/div>\n    <\/div>\n  <\/div>\n\n  \n  <div class=\"accordion-item\">\n    <div class=\"accordion-header\" id=\"headingOneblock_685a2632575318aa40e75982479a83b18\">\n      <button class=\"accordion-button blue_btn collapsed\" type=\"button\" data-bs-toggle=\"collapse\" data-bs-target=\"#collapseOneblock_685a2632575318aa40e75982479a83b18\" aria-expanded=\"false\" aria-controls=\"collapseOneblock_685a2632575318aa40e75982479a83b18\">\n        <span class=\"blk_num\">9.<\/span> Czy w trakcie Akademii mo\u017cliwe s\u0105 nieobecno\u015bci?      <\/button>\n    <\/div>\n    <div id=\"collapseOneblock_685a2632575318aa40e75982479a83b18\" class=\"accordion-collapse collapse\" data-bs-parent=\"#accordionExample\" >\n      <div class=\"accordion-body\">\n      <p>Co do zasady wymagana jest pe\u0142na obecno\u015b\u0107, jednak w wyj\u0105tkowych wypadkach dopuszczone mog\u0105 by\u0107 incydentalne nieobecno\u015bci, pod warunkiem wcze\u015bniejszego ich zatwierdzenia przez opiekuna praktyki w ramach Akademii oraz odrobienia materia\u0142u.<\/p>\n      <\/div>\n    <\/div>\n  <\/div>\n\n  \n  <div class=\"accordion-item\">\n    <div class=\"accordion-header\" id=\"headingOneblock_685a2632575318aa40e75982479a83b19\">\n      <button class=\"accordion-button blue_btn collapsed\" type=\"button\" data-bs-toggle=\"collapse\" data-bs-target=\"#collapseOneblock_685a2632575318aa40e75982479a83b19\" aria-expanded=\"false\" aria-controls=\"collapseOneblock_685a2632575318aa40e75982479a83b19\">\n        <span class=\"blk_num\">10.<\/span> Czy otrzymam potwierdzenie udzia\u0142u w Akademii? Co b\u0119dzie zawiera\u0107?      <\/button>\n    <\/div>\n    <div id=\"collapseOneblock_685a2632575318aa40e75982479a83b19\" class=\"accordion-collapse collapse\" data-bs-parent=\"#accordionExample\" >\n      <div class=\"accordion-body\">\n      <p>Po zako\u0144czonej Akademii wszyscy uczestnicy otrzymaj\u0105 certyfikat, wskazuj\u0105cy rodzaj i tematyk\u0119 prowadzonych zaj\u0119\u0107 oraz spraw.<\/p>\n      <\/div>\n    <\/div>\n  <\/div>\n\n  \n  <div class=\"accordion-item\">\n    <div class=\"accordion-header\" id=\"headingOneblock_685a2632575318aa40e75982479a83b110\">\n      <button class=\"accordion-button blue_btn collapsed\" type=\"button\" data-bs-toggle=\"collapse\" data-bs-target=\"#collapseOneblock_685a2632575318aa40e75982479a83b110\" aria-expanded=\"false\" aria-controls=\"collapseOneblock_685a2632575318aa40e75982479a83b110\">\n        <span class=\"blk_num\">11.<\/span> Potrzebuj\u0119 wype\u0142nionego dzienniczka praktyk, czy mog\u0119 to zrobi\u0107 w ramach Akademii?      <\/button>\n    <\/div>\n    <div id=\"collapseOneblock_685a2632575318aa40e75982479a83b110\" class=\"accordion-collapse collapse\" data-bs-parent=\"#accordionExample\" >\n      <div class=\"accordion-body\">\n      <p>Tak. Wpisu dokona\u0107 mog\u0105 opiekunowie praktyki w ramach Akademii, prosimy o wcze\u015bniejsze powiadomienie ich o takiej potrzebie.<\/p>\n      <\/div>\n    <\/div>\n  <\/div>\n\n  \n  <div class=\"accordion-item\">\n    <div class=\"accordion-header\" id=\"headingOneblock_685a2632575318aa40e75982479a83b111\">\n      <button class=\"accordion-button blue_btn collapsed\" type=\"button\" data-bs-toggle=\"collapse\" data-bs-target=\"#collapseOneblock_685a2632575318aa40e75982479a83b111\" aria-expanded=\"false\" aria-controls=\"collapseOneblock_685a2632575318aa40e75982479a83b111\">\n        <span class=\"blk_num\">12.<\/span> Czy musz\u0119 koniecznie posiada\u0107 ubezpieczenie?      <\/button>\n    <\/div>\n    <div id=\"collapseOneblock_685a2632575318aa40e75982479a83b111\" class=\"accordion-collapse collapse\" data-bs-parent=\"#accordionExample\" >\n      <div class=\"accordion-body\">\n      <p>Tak, konieczne jest posiadanie ubezpieczenia w zakresie OC. Je\u017celi uczelnia nie zapewnia takiego ubezpieczenia, student powinien naby\u0107 je we w\u0142asnym zakresie.<\/p>\n      <\/div>\n    <\/div>\n  <\/div>\n\n  \n  <div class=\"accordion-item\">\n    <div class=\"accordion-header\" id=\"headingOneblock_685a2632575318aa40e75982479a83b112\">\n      <button class=\"accordion-button blue_btn collapsed\" type=\"button\" data-bs-toggle=\"collapse\" data-bs-target=\"#collapseOneblock_685a2632575318aa40e75982479a83b112\" aria-expanded=\"false\" aria-controls=\"collapseOneblock_685a2632575318aa40e75982479a83b112\">\n        <span class=\"blk_num\">13.<\/span> Czy musz\u0119 posiada\u0107 w\u0142asny komputer, by uczestniczy\u0107 w praktykach? Czy mog\u0119 korzysta\u0107 ze swojego sprz\u0119tu?      <\/button>\n    <\/div>\n    <div id=\"collapseOneblock_685a2632575318aa40e75982479a83b112\" class=\"accordion-collapse collapse\" data-bs-parent=\"#accordionExample\" >\n      <div class=\"accordion-body\">\n      <p>Nie, uczestnicy Akademii na czas jej trwania b\u0119d\u0105 mieli zapewnione s\u0142u\u017cbowe komputery. Ze wzgl\u0119du na specyfik\u0119 pracy nie b\u0119dzie mo\u017cna korzysta\u0107 z w\u0142asnego sprz\u0119tu do zada\u0144 praktycznych.<\/p>\n      <\/div>\n    <\/div>\n  <\/div>\n\n  \n  <div class=\"accordion-item\">\n    <div class=\"accordion-header\" id=\"headingOneblock_685a2632575318aa40e75982479a83b113\">\n      <button class=\"accordion-button blue_btn collapsed\" type=\"button\" data-bs-toggle=\"collapse\" data-bs-target=\"#collapseOneblock_685a2632575318aa40e75982479a83b113\" aria-expanded=\"false\" aria-controls=\"collapseOneblock_685a2632575318aa40e75982479a83b113\">\n        <span class=\"blk_num\">14.<\/span> Czy do uko\u0144czenia Akademii Rzecznika Finansowego wymagane jest z\u0142o\u017cenie egzaminu?      <\/button>\n    <\/div>\n    <div id=\"collapseOneblock_685a2632575318aa40e75982479a83b113\" class=\"accordion-collapse collapse\" data-bs-parent=\"#accordionExample\" >\n      <div class=\"accordion-body\">\n      <p>Nie. Program Akademii Rzecznika Finansowego nie przewiduje egzaminu ko\u0144cowego.<\/p>\n      <\/div>\n    <\/div>\n  <\/div>\n\n  \n<\/div>\n<\/div>\n\n<div class=\"space_40\"><\/div>\n<\/div>\n\n\n\n<p><strong>Macie inne pytania? Napiszcie do nas:&nbsp;<a class=\"\" href=\"mailto:akademia@rf.gov.pl\">akademia@rf.gov.pl<\/a><\/strong><\/p>\n\n\n\n<div style=\"height:48px\" aria-hidden=\"true\" class=\"wp-block-spacer\"><\/div>\n","protected":false},"excerpt":{"rendered":"<p>Zach\u0119camy do zapoznania si\u0119 z najcz\u0119\u015bciej zadawanymi pytaniami dotycz\u0105cymi Akademii oraz naszymi odpowiedziami. Je\u017celi nie znajdujesz odpowiedzi na swoje pytanie, napisz do nas: akademia@rf.gov.pl. <\/p>\n","protected":false},"author":1,"featured_media":1240,"parent":0,"menu_order":0,"comment_status":"closed","ping_status":"closed","template":"page-templates\/template-inner-page.php","meta":{"_acf_changed":false,"inline_featured_image":false,"footnotes":"","_links_to":"","_links_to_target":""},"class_list":["post-158","page","type-page","status-publish","has-post-thumbnail","hentry"],"acf":[],"_links":{"self":[{"href":"https:\/\/rf.gov.pl\/akademia\/wp-json\/wp\/v2\/pages\/158","targetHints":{"allow":["GET"]}}],"collection":[{"href":"https:\/\/rf.gov.pl\/akademia\/wp-json\/wp\/v2\/pages"}],"about":[{"href":"https:\/\/rf.gov.pl\/akademia\/wp-json\/wp\/v2\/types\/page"}],"author":[{"embeddable":true,"href":"https:\/\/rf.gov.pl\/akademia\/wp-json\/wp\/v2\/users\/1"}],"replies":[{"embeddable":true,"href":"https:\/\/rf.gov.pl\/akademia\/wp-json\/wp\/v2\/comments?post=158"}],"version-history":[{"count":46,"href":"https:\/\/rf.gov.pl\/akademia\/wp-json\/wp\/v2\/pages\/158\/revisions"}],"predecessor-version":[{"id":1348,"href":"https:\/\/rf.gov.pl\/akademia\/wp-json\/wp\/v2\/pages\/158\/revisions\/1348"}],"wp:featuredmedia":[{"embeddable":true,"href":"https:\/\/rf.gov.pl\/akademia\/wp-json\/wp\/v2\/media\/1240"}],"wp:attachment":[{"href":"https:\/\/rf.gov.pl\/akademia\/wp-json\/wp\/v2\/media?parent=158"}],"curies":[{"name":"wp","href":"https:\/\/api.w.org\/{rel}","templated":true}]}}